{"id":4767,"date":"2024-07-18T16:51:08","date_gmt":"2024-07-18T14:51:08","guid":{"rendered":"https:\/\/www.haus-concordia.com\/web\/?page_id=4767"},"modified":"2025-07-25T17:34:21","modified_gmt":"2025-07-25T15:34:21","slug":"news","status":"publish","type":"page","link":"https:\/\/www.haus-concordia.com\/web\/news\/","title":{"rendered":"News"},"content":{"rendered":"<style>.kadence-column4767_2b75e1-e5 > .kt-inside-inner-col,.kadence-column4767_2b75e1-e5 > .kt-inside-inner-col:before{border-top-left-radius:0px;border-top-right-radius:0px;border-bottom-right-radius:0px;border-bottom-left-radius:0px;}.kadence-column4767_2b75e1-e5 > .kt-inside-inner-col{column-gap:var(--global-kb-gap-sm, 1rem);}.kadence-column4767_2b75e1-e5 > .kt-inside-inner-col{flex-direction:column;}.kadence-column4767_2b75e1-e5 > .kt-inside-inner-col > .aligncenter{width:100%;}.kadence-column4767_2b75e1-e5 > .kt-inside-inner-col:before{opacity:0.3;}.kadence-column4767_2b75e1-e5{position:relative;}@media all and (max-width: 1024px){.kadence-column4767_2b75e1-e5 > .kt-inside-inner-col{flex-direction:column;justify-content:center;}}@media all and (max-width: 767px){.kadence-column4767_2b75e1-e5 > .kt-inside-inner-col{flex-direction:column;justify-content:center;}}<\/style>\n<div class=\"wp-block-kadence-column kadence-column4767_2b75e1-e5\"><div class=\"kt-inside-inner-col\"><style>.kadence-column4767_a35498-48 > .kt-inside-inner-col,.kadence-column4767_a35498-48 > .kt-inside-inner-col:before{border-top-left-radius:0px;border-top-right-radius:0px;border-bottom-right-radius:0px;border-bottom-left-radius:0px;}.kadence-column4767_a35498-48 > .kt-inside-inner-col{column-gap:var(--global-kb-gap-sm, 1rem);}.kadence-column4767_a35498-48 > .kt-inside-inner-col{flex-direction:column;}.kadence-column4767_a35498-48 > .kt-inside-inner-col > .aligncenter{width:100%;}.kadence-column4767_a35498-48 > .kt-inside-inner-col:before{opacity:0.3;}.kadence-column4767_a35498-48{position:relative;}@media all and (max-width: 1024px){.kadence-column4767_a35498-48 > .kt-inside-inner-col{flex-direction:column;justify-content:center;}}@media all and (max-width: 767px){.kadence-column4767_a35498-48 > .kt-inside-inner-col{flex-direction:column;justify-content:center;}}<\/style>\n<div class=\"wp-block-kadence-column kadence-column4767_a35498-48\"><div class=\"kt-inside-inner-col\"><style>.kb-row-layout-wrap.wp-block-kadence-rowlayout.kb-row-layout-id4767_35163a-67{margin-top:0px;}.kb-row-layout-id4767_35163a-67 > .kt-row-column-wrap{align-content:start;}:where(.kb-row-layout-id4767_35163a-67 > .kt-row-column-wrap) > .wp-block-kadence-column{justify-content:start;}.kb-row-layout-id4767_35163a-67 > .kt-row-column-wrap{column-gap:var(--global-kb-gap-md, 2rem);row-gap:var(--global-kb-gap-md, 2rem);padding-top:var(--global-kb-spacing-xxl, 5rem);padding-bottom:var(--global-kb-spacing-xxl, 5rem);grid-template-columns:minmax(0, 1fr);}.kb-row-layout-id4767_35163a-67 > .kt-row-layout-overlay{opacity:1;background-image:url('https:\/\/www.haus-concordia.com\/web\/wp-content\/uploads\/2023\/12\/Na-zewnatrz_concordia39-Duzy.jpeg');background-size:100% auto;background-position:50% 10%;background-attachment:scroll;background-repeat:no-repeat;}@media all and (max-width: 1024px){.kb-row-layout-id4767_35163a-67 > .kt-row-column-wrap{grid-template-columns:minmax(0, 1fr);}}@media all and (max-width: 767px){.kb-row-layout-id4767_35163a-67 > .kt-row-column-wrap{grid-template-columns:minmax(0, 1fr);}}<\/style><header class=\"kb-row-layout-wrap kb-row-layout-id4767_35163a-67 alignnone kt-row-has-bg wp-block-kadence-rowlayout\"><div class=\"kt-row-layout-overlay kt-row-overlay-normal\"><\/div><div class=\"kt-row-column-wrap kt-has-1-columns kt-row-layout-equal kt-tab-layout-inherit kt-mobile-layout-row kt-row-valign-top\">\n<style>.kadence-column4767_45383c-66 > .kt-inside-inner-col,.kadence-column4767_45383c-66 > .kt-inside-inner-col:before{border-top-left-radius:0px;border-top-right-radius:0px;border-bottom-right-radius:0px;border-bottom-left-radius:0px;}.kadence-column4767_45383c-66 > .kt-inside-inner-col{column-gap:var(--global-kb-gap-sm, 1rem);}.kadence-column4767_45383c-66 > .kt-inside-inner-col{flex-direction:column;}.kadence-column4767_45383c-66 > .kt-inside-inner-col > .aligncenter{width:100%;}.kadence-column4767_45383c-66 > .kt-inside-inner-col:before{opacity:0.3;}.kadence-column4767_45383c-66{position:relative;}@media all and (max-width: 1024px){.kadence-column4767_45383c-66 > .kt-inside-inner-col{flex-direction:column;justify-content:center;}}@media all and (max-width: 767px){.kadence-column4767_45383c-66 > .kt-inside-inner-col{flex-direction:column;justify-content:center;}}<\/style>\n<div class=\"wp-block-kadence-column kadence-column4767_45383c-66\"><div class=\"kt-inside-inner-col\"><style>.kb-row-layout-id4767_67bba5-8d > .kt-row-column-wrap{align-content:start;}:where(.kb-row-layout-id4767_67bba5-8d > .kt-row-column-wrap) > .wp-block-kadence-column{justify-content:start;}.kb-row-layout-id4767_67bba5-8d > .kt-row-column-wrap{column-gap:var(--global-kb-gap-md, 2rem);row-gap:var(--global-kb-gap-md, 2rem);padding-top:var(--global-kb-spacing-sm, 1.5rem);padding-bottom:var(--global-kb-spacing-sm, 1.5rem);grid-template-columns:minmax(0, 1fr);}.kb-row-layout-id4767_67bba5-8d > .kt-row-layout-overlay{opacity:0.30;}@media all and (max-width: 1024px){.kb-row-layout-id4767_67bba5-8d > .kt-row-column-wrap{grid-template-columns:minmax(0, 1fr);}}@media all and (max-width: 767px){.kb-row-layout-id4767_67bba5-8d > .kt-row-column-wrap{grid-template-columns:minmax(0, 1fr);}}<\/style><div class=\"kb-row-layout-wrap kb-row-layout-id4767_67bba5-8d alignnone wp-block-kadence-rowlayout\"><div class=\"kt-row-column-wrap kt-has-1-columns kt-row-layout-equal kt-tab-layout-inherit kt-mobile-layout-row kt-row-valign-top\">\n<style>.kadence-column4767_63284c-be > .kt-inside-inner-col,.kadence-column4767_63284c-be > .kt-inside-inner-col:before{border-top-left-radius:0px;border-top-right-radius:0px;border-bottom-right-radius:0px;border-bottom-left-radius:0px;}.kadence-column4767_63284c-be > .kt-inside-inner-col{column-gap:var(--global-kb-gap-sm, 1rem);}.kadence-column4767_63284c-be > .kt-inside-inner-col{flex-direction:column;}.kadence-column4767_63284c-be > .kt-inside-inner-col > .aligncenter{width:100%;}.kadence-column4767_63284c-be > .kt-inside-inner-col:before{opacity:0.3;}.kadence-column4767_63284c-be{position:relative;}@media all and (max-width: 1024px){.kadence-column4767_63284c-be > .kt-inside-inner-col{flex-direction:column;justify-content:center;}}@media all and (max-width: 767px){.kadence-column4767_63284c-be > .kt-inside-inner-col{flex-direction:column;justify-content:center;}}<\/style>\n<div class=\"wp-block-kadence-column kadence-column4767_63284c-be\"><div class=\"kt-inside-inner-col\">\n<h2 class=\"wp-block-heading has-text-align-right has-theme-palette-9-color has-text-color has-link-color wp-elements-2a7cd6704f5ba0975de1f5a636ab9a4e\">AKTUALNO\u015aCI <\/h2>\n<\/div><\/div>\n\n<\/div><\/div><\/div><\/div>\n\n<\/div><\/header><\/div><\/div>\n<\/div><\/div>\n\n\n<style>.kb-row-layout-id4767_0a16d2-59 > .kt-row-column-wrap{align-content:start;}:where(.kb-row-layout-id4767_0a16d2-59 > .kt-row-column-wrap) > .wp-block-kadence-column{justify-content:start;}.kb-row-layout-id4767_0a16d2-59 > .kt-row-column-wrap{column-gap:var(--global-kb-gap-md, 2rem);row-gap:var(--global-kb-gap-md, 2rem);padding-top:var(--global-kb-spacing-sm, 1.5rem);padding-bottom:var(--global-kb-spacing-sm, 1.5rem);grid-template-columns:minmax(0, 1fr);}.kb-row-layout-id4767_0a16d2-59 > .kt-row-layout-overlay{opacity:0.30;}@media all and (max-width: 1024px){.kb-row-layout-id4767_0a16d2-59 > .kt-row-column-wrap{grid-template-columns:minmax(0, 1fr);}}@media all and (max-width: 767px){.kb-row-layout-id4767_0a16d2-59 > .kt-row-column-wrap{grid-template-columns:minmax(0, 1fr);}}<\/style><div class=\"kb-row-layout-wrap kb-row-layout-id4767_0a16d2-59 alignnone wp-block-kadence-rowlayout\"><div class=\"kt-row-column-wrap kt-has-1-columns kt-row-layout-equal kt-tab-layout-inherit kt-mobile-layout-row kt-row-valign-top\">\n<style>.kadence-column4767_c61f31-87 > .kt-inside-inner-col,.kadence-column4767_c61f31-87 > .kt-inside-inner-col:before{border-top-left-radius:0px;border-top-right-radius:0px;border-bottom-right-radius:0px;border-bottom-left-radius:0px;}.kadence-column4767_c61f31-87 > .kt-inside-inner-col{column-gap:var(--global-kb-gap-sm, 1rem);}.kadence-column4767_c61f31-87 > .kt-inside-inner-col{flex-direction:column;}.kadence-column4767_c61f31-87 > .kt-inside-inner-col > .aligncenter{width:100%;}.kadence-column4767_c61f31-87 > .kt-inside-inner-col:before{opacity:0.3;}.kadence-column4767_c61f31-87{position:relative;}@media all and (max-width: 1024px){.kadence-column4767_c61f31-87 > .kt-inside-inner-col{flex-direction:column;justify-content:center;}}@media all and (max-width: 767px){.kadence-column4767_c61f31-87 > .kt-inside-inner-col{flex-direction:column;justify-content:center;}}<\/style>\n<div class=\"wp-block-kadence-column kadence-column4767_c61f31-87\"><div class=\"kt-inside-inner-col\"><div class=\"wp-block-image\">\n<figure class=\"aligncenter size-large\"><img loading=\"lazy\" decoding=\"async\" width=\"724\" height=\"1024\" src=\"https:\/\/www.haus-concordia.com\/web\/wp-content\/uploads\/2025\/05\/PLAKAT_szkola-chrzescijanskiego-wzrostu-724x1024.jpg\" alt=\"\" class=\"wp-image-5319\" srcset=\"https:\/\/www.haus-concordia.com\/web\/wp-content\/uploads\/2025\/05\/PLAKAT_szkola-chrzescijanskiego-wzrostu-724x1024.jpg 724w, https:\/\/www.haus-concordia.com\/web\/wp-content\/uploads\/2025\/05\/PLAKAT_szkola-chrzescijanskiego-wzrostu-212x300.jpg 212w, https:\/\/www.haus-concordia.com\/web\/wp-content\/uploads\/2025\/05\/PLAKAT_szkola-chrzescijanskiego-wzrostu-768x1086.jpg 768w, https:\/\/www.haus-concordia.com\/web\/wp-content\/uploads\/2025\/05\/PLAKAT_szkola-chrzescijanskiego-wzrostu-1086x1536.jpg 1086w, https:\/\/www.haus-concordia.com\/web\/wp-content\/uploads\/2025\/05\/PLAKAT_szkola-chrzescijanskiego-wzrostu-1448x2048.jpg 1448w, https:\/\/www.haus-concordia.com\/web\/wp-content\/uploads\/2025\/05\/PLAKAT_szkola-chrzescijanskiego-wzrostu-scaled.jpg 1811w\" sizes=\"auto, (max-width: 724px) 100vw, 724px\" \/><\/figure>\n<\/div>\n\n\n<p class=\"has-text-align-center\"><strong>ZAPISY: <a href=\"https:\/\/forms.gle\/vSjXXXmxx2omNC9B7\">https:\/\/forms.gle\/vSjXXXmxx2omNC9B7<\/a><\/strong><\/p>\n<\/div><\/div>\n\n<\/div><\/div>\n\n<div class=\"efbl_feed_wraper efbl_skin_4904\" data-esf-flags=\"gdpr,gdpr_auto\" data-esf-module=\"facebook\" >\n\n\t\n\t<div class=\"efbl_feeds_holder efbl_feeds_halfwidth  \t\"  \t\t\tdata-template=\"halfwidth\">\n\t\t\n<div class=\"efbl-halfwidth-skin added_photos efbl-story-wrapper\">\n\t<div class=\"efbl-thumbnail-wrapper\">\n\t\t<div class=\"efbl-row efbl-content-wrapper\">\n\n\t\t\t\n\n\t\t\t\t<div class=\"efbl-thumbnail-col efbl-col-sm-6\">\n\n\t\t\t\t\t\n\t\t\t\t\t\t<a href=\"https:\/\/www.haus-concordia.com\/web\/wp-admin\/admin-ajax.php?action=efbl_generate_popup_html\" data-imagelink=https:\/\/www.haus-concordia.com\/web\/wp-content\/uploads\/esf-facebook\/696600203843125_1392232122947206.jpg\t\t\t\t\t\t\tdata-storylink=\"https:\/\/www.facebook.com\/696600203843125_1392232122947206\"\n\t\t\t\t\t\t\tdata-linktext=\"Read full story\"\n\t\t\t\t\t\t\tdata-caption=\"W Concordii zawsze co\u015b si\u0119 dzieje\u2026 tym milej, gdy przychodz\u0105 ch\u0119tni do pomocy i czynnie wspieraj\u0105. Dzi\u0119kujemy za wasz\u0105 wspania\u0142\u0105 prac\u0119! \ud83d\ude4c\ud83d\udc4f\"\n\t\t\t\t\t\t\tdata-itemnumber=\"1\"\n\t\t\t\t\t\t\tclass=\"efbl_feed_popup  efbl-cff-item_number-1\">\n\t\t\t\t\t\t\t<img decoding=\"async\" src=\"https:\/\/www.haus-concordia.com\/web\/wp-content\/uploads\/esf-facebook\/696600203843125_1392232122947206.jpg\"\n\t\t\t\t\t\t\t\tclass=\"img-responsive \"\n\t\t\t\t\t\t\t\t\t\t\t\t\t\t\t\talt=\"Haus Concordia\"\/>\n\t\t\t\t\t\t\t<div class=\"efbl-overlay\">\n\n\n\t\t\t\t\t\t\t\t\n\t\t\t\t\t\t\t\t\t<i class=\"icon icon-esf-plus efbl-plus\"\n\t\t\t\t\t\t\t\t\t\taria-hidden=\"true\"><\/i>\n\n\t\t\t\t\t\t\t\t\t\t\t\t\t\t\t\t\t\t\t\t\t\t\t\t\t<i class=\"icon icon-esf-clone efbl_multimedia\"\n\t\t\t\t\t\t\t\t\t\taria-hidden=\"true\"><\/i>\n\t\t\t\t\t\t\t\t\t\t\t\t\t\t\t<\/div>\n\t\t\t\t\t\t<\/a>\n\n\t\t\t\t\t\n\n\t\t\t\t<\/div>\n\n\t\t\t\t<div class=\"efbl-feed-content efbl-col-sm-6 \">\n\n\t\t\t\t\t\n\t\t\t\t\t\t<div class=\"efbl-d-flex\">\n\n\t\t\t\t\t\t\t\n\t\t\t\t\t\t\t\t<div class=\"efbl-profile-image\">\n\t\t\t\t\t\t\t\t\t<a href=\"https:\/\/facebook.com\/696600203843125\"\n\t\t\t\t\t\t\t\t\t\ttitle=\"\"\n\t\t\t\t\t\t\t\t\t\trel=\"nofollow\"\n\t\t\t\t\t\t\t\t\t\ttarget=\"_blank\">\n\t\t\t\t\t\t\t\t\t\t<img alt=\"\"\n\t\t\t\t\t\t\t\t\t\t\tsrc=\"https:\/\/scontent-dus1-1.xx.fbcdn.net\/v\/t39.30808-1\/339138672_143959665039890_704330360782877008_n.jpg?stp=dst-jpg_s200x200_tt6&#038;_nc_cat=100&#038;ccb=1-7&#038;_nc_sid=f907e8&#038;_nc_ohc=7M1ZzKbohaIQ7kNvwGLzKXp&#038;_nc_oc=AdpN8tyTl2gQWIXnUMFts973fGo9NjD113pohezTz-nD-3UpGQ1Vvv0TkaIbO2sneqU&#038;_nc_zt=24&#038;_nc_ht=scontent-dus1-1.xx&#038;edm=AOf6bZoEAAAA&#038;_nc_gid=W_cVNzmdZbhxt0gXdN79OA&#038;_nc_tpa=Q5bMBQHz1iEGM9XyCBYpbaagC_RXyY9jyApZq7N8RaroRxVs09Jrf1Zd4OczKn6zdPpJ-0bSg3H8rf5E&#038;oh=00_Af1CgmLXfHAPLmizLE88wuw9KfYLN1mYjTXZfAT1DZqNOw&#038;oe=69F67B6C\"\/><\/a>\n\t\t\t\t\t\t\t\t<\/div>\n\n\t\t\t\t\t\t\t\n\t\t\t\t\t\t\t<div class=\"efbl-profile-title\">\n\t\t\t\t\t\t\t\t<div class=\"efbl-profile-title-wrap \">\n\t\t\t\t\t\t\t\t\t<h2>Haus Concordia\t\t\t\t\t\t\t\t\t\t\t\t\t\t\t\t\t\t\t\t<span class=\"efbl-profile-story-text\"> <\/span>\n\t\t\t\t\t\t\t\t\t<\/h2>\n\t\t\t\t\t\t\t\t<\/div>\n\t\t\t\t\t\t\t\t<span>1 day 19 minutes ago<\/span>\n\t\t\t\t\t\t\t<\/div>\n\t\t\t\t\t\t<\/div>\n\n\t\t\t\t\t\n\n\t\t\t\t\t\n\n\t\t\t\t\t\n\t\t\t\t\t\t\t\t\t\t\t\t\t<p class=\"description\">\n\t\t\t\t\t\t\t\t<span class=\"efbl-description-wrap\">W Concordii zawsze co\u015b si\u0119 dzieje\u2026 tym milej, gdy przychodz\u0105 ch\u0119tni do pomocy i czynnie wspieraj\u0105. Dzi\u0119kujemy za wasz\u0105 wspania\u0142\u0105 prac\u0119! \ud83d\ude4c\ud83d\udc4f<\/span>\n\n\n\t\t\t\t\t\t\t\t\n\n\t\t\t\t\t\t\t<\/p>\n\n\t\t\t\t\t\t\n\t\t\t\t\t\n\t\t\t\t\t\n\t\t\t\t<\/div>\n\t\t\t\t\t\t<\/div>\n\n\t\t\t<div class=\"efbl-post-footer\">\n\n\n\t\t<div class=\"efbl-d-flex efbl-justify-content-between\">\n\t\t\t\t\t\t\t<div class=\"efbl-reacted efbl-d-flex efbl-align-items-center\">\n\n\t\t\t\t\t\n\t\t\t\t\t\t\n\t\t\t\t\t\t\t<div class=\"efbl-reacted-item emotis \" >\n\n\t\t\t\t\t\t\t\t\t\t\t\t\t\t\t\t\t<i class=\"icon icon-esf-thumbs-o-up\"><\/i>\n\t\t\t\t\t\t\t\t\n\t\t\t\t\t\t\t\t\t\t\t\t\t\t\t\t31\t\t\t\t\t\t\t<\/div>\n\t\t\t\t\t\t\t\n\n\n\t\t\t\t\t\t\t\t\t\t\t<div class=\"efbl-reacted-item\">\n\n\t\t\t\t\t\t\t\n\t\t\t\t\t\t\t\t<i class=\"icon icon-esf-comment-o\"><\/i>2\n\t\t\t\t\t\t\t\t\n\t\t\t\t\t\t<\/div>\n\t\t\t\t\t\n\t\t\t\t\t\t\t\n\n\t\t\t\t<\/div>\n\t\t\t\n\n\n\t\t\t<div class=\"efbl-view-share efbl-d-flex efbl-justify-content-between efbl-align-items-center efbl-mb-1 efbl-mt-1\">\n\n\t\t\t\t\n\t\t\t\t\t<a href=\"https:\/\/www.facebook.com\/696600203843125_1392232122947206\"\n\t\t\t\t\t   target=\"_blank\"\n\t\t\t\t\t   rel=\"nofollow\"\n\t\t\t\t\t   class=\"efbl-view-on-fb no-anchor-style link efbl-mr-1\">View on Facebook<\/a>\n\n\t\t\t\t\n\t\t\t\t\n\t\t\t\t\t<div class=\"esf-share-wrapper\">\n\t\t\t\t\t\t<a href=\"#\" class=\"no-anchor-style link esf-share\">Share<\/a>\n\t\t\t\t\t\t<div class=\"esf-social-share\">\n\t\t\t\t\t\t\t<button>\n\t\t\t\t\t\t\t\t<a class=\"efbl_facebook\"\n\t\t\t\t\t\t\t\t   href=\"https:\/\/www.facebook.com\/sharer\/sharer.php?u=https:\/\/www.facebook.com\/696600203843125_1392232122947206\"\n\t\t\t\t\t\t\t\t   rel=\"nofollow\"\n\t\t\t\t\t\t\t\t   target=\"_blank\">\n\t\t\t\t\t\t\t\t\t<i class=\"icon icon-esf-facebook\"><\/i>\n\t\t\t\t\t\t\t\t<\/a>\n\t\t\t\t\t\t\t<\/button>\n\n\t\t\t\t\t\t\t<button>\n\t\t\t\t\t\t\t\t<a class=\"efbl_twitter\"\n\t\t\t\t\t\t\t\t   href=\"https:\/\/twitter.com\/intent\/tweet?text=https:\/\/www.facebook.com\/696600203843125_1392232122947206\"\n\t\t\t\t\t\t\t\t   rel=\"nofollow\"\n\t\t\t\t\t\t\t\t   target=\"_blank\">\n\t\t\t\t\t\t\t\t\t<i class=\"icon icon-esf-twitter\"><\/i>\n\t\t\t\t\t\t\t\t<\/a>\n\t\t\t\t\t\t\t<\/button>\n\n\t\t\t\t\t\t\t<button>\n\t\t\t\t\t\t\t\t<a class=\"efbl_linked_in\"\n\t\t\t\t\t\t\t\t   href=\"https:\/\/www.linkedin.com\/shareArticle?mini=true&url=https:\/\/www.facebook.com\/696600203843125_1392232122947206\"\n\t\t\t\t\t\t\t\t   rel=\"nofollow\"\n\t\t\t\t\t\t\t\t   target=\"_blank\">\n\t\t\t\t\t\t\t\t\t<i class=\"icon icon-esf-linkedin\"><\/i>\n\t\t\t\t\t\t\t\t<\/a>\n\t\t\t\t\t\t\t<\/button>\n\t\t\t\t\t\t<\/div>\n\t\t\t\t\t<\/div>\n\t\t\t\t\n\t\t\t<\/div>\n\n\t\t<\/div>\n\n\n\t<\/div>\n\n\n\t<\/div>\n\n<\/div>\n\n\n<div class=\"efbl-halfwidth-skin added_photos efbl-story-wrapper\">\n\t<div class=\"efbl-thumbnail-wrapper\">\n\t\t<div class=\"efbl-row efbl-content-wrapper\">\n\n\t\t\t\n\n\t\t\t\t<div class=\"efbl-thumbnail-col efbl-col-sm-6\">\n\n\t\t\t\t\t\n\t\t\t\t\t\t<a href=\"https:\/\/www.haus-concordia.com\/web\/wp-admin\/admin-ajax.php?action=efbl_generate_popup_html\" data-imagelink=https:\/\/www.haus-concordia.com\/web\/wp-content\/uploads\/esf-facebook\/696600203843125_1392138696289882.jpg\t\t\t\t\t\t\tdata-storylink=\"https:\/\/www.facebook.com\/696600203843125_1392138696289882\"\n\t\t\t\t\t\t\tdata-linktext=\"Read full story\"\n\t\t\t\t\t\t\tdata-caption=\"Bracia po raz pierwszy zorganizowali wy\u015bcigi gokartowe dla m\u0119\u017cczyzn. 25 uczestnik\u00f3w spotka\u0142o si\u0119 w czwartek wieczorem w Dortmundzie na najd\u0142u\u017cszym torze gokartowym w Niemczech. Po\"\n\t\t\t\t\t\t\tdata-itemnumber=\"2\"\n\t\t\t\t\t\t\tclass=\"efbl_feed_popup  efbl-cff-item_number-2\">\n\t\t\t\t\t\t\t<img decoding=\"async\" src=\"https:\/\/www.haus-concordia.com\/web\/wp-content\/uploads\/esf-facebook\/696600203843125_1392138696289882.jpg\"\n\t\t\t\t\t\t\t\tclass=\"img-responsive \"\n\t\t\t\t\t\t\t\t\t\t\t\t\t\t\t\talt=\"Haus Concordia\"\/>\n\t\t\t\t\t\t\t<div class=\"efbl-overlay\">\n\n\n\t\t\t\t\t\t\t\t\n\t\t\t\t\t\t\t\t\t<i class=\"icon icon-esf-plus efbl-plus\"\n\t\t\t\t\t\t\t\t\t\taria-hidden=\"true\"><\/i>\n\n\t\t\t\t\t\t\t\t\t\t\t\t\t\t\t\t\t\t\t\t\t\t\t\t\t<i class=\"icon icon-esf-clone efbl_multimedia\"\n\t\t\t\t\t\t\t\t\t\taria-hidden=\"true\"><\/i>\n\t\t\t\t\t\t\t\t\t\t\t\t\t\t\t<\/div>\n\t\t\t\t\t\t<\/a>\n\n\t\t\t\t\t\n\n\t\t\t\t<\/div>\n\n\t\t\t\t<div class=\"efbl-feed-content efbl-col-sm-6 \">\n\n\t\t\t\t\t\n\t\t\t\t\t\t<div class=\"efbl-d-flex\">\n\n\t\t\t\t\t\t\t\n\t\t\t\t\t\t\t\t<div class=\"efbl-profile-image\">\n\t\t\t\t\t\t\t\t\t<a href=\"https:\/\/facebook.com\/696600203843125\"\n\t\t\t\t\t\t\t\t\t\ttitle=\"\"\n\t\t\t\t\t\t\t\t\t\trel=\"nofollow\"\n\t\t\t\t\t\t\t\t\t\ttarget=\"_blank\">\n\t\t\t\t\t\t\t\t\t\t<img alt=\"\"\n\t\t\t\t\t\t\t\t\t\t\tsrc=\"https:\/\/scontent-dus1-1.xx.fbcdn.net\/v\/t39.30808-1\/339138672_143959665039890_704330360782877008_n.jpg?stp=dst-jpg_s200x200_tt6&#038;_nc_cat=100&#038;ccb=1-7&#038;_nc_sid=f907e8&#038;_nc_ohc=7M1ZzKbohaIQ7kNvwGLzKXp&#038;_nc_oc=AdpN8tyTl2gQWIXnUMFts973fGo9NjD113pohezTz-nD-3UpGQ1Vvv0TkaIbO2sneqU&#038;_nc_zt=24&#038;_nc_ht=scontent-dus1-1.xx&#038;edm=AOf6bZoEAAAA&#038;_nc_gid=W_cVNzmdZbhxt0gXdN79OA&#038;_nc_tpa=Q5bMBQHz1iEGM9XyCBYpbaagC_RXyY9jyApZq7N8RaroRxVs09Jrf1Zd4OczKn6zdPpJ-0bSg3H8rf5E&#038;oh=00_Af1CgmLXfHAPLmizLE88wuw9KfYLN1mYjTXZfAT1DZqNOw&#038;oe=69F67B6C\"\/><\/a>\n\t\t\t\t\t\t\t\t<\/div>\n\n\t\t\t\t\t\t\t\n\t\t\t\t\t\t\t<div class=\"efbl-profile-title\">\n\t\t\t\t\t\t\t\t<div class=\"efbl-profile-title-wrap \">\n\t\t\t\t\t\t\t\t\t<h2>Haus Concordia\t\t\t\t\t\t\t\t\t\t\t\t\t\t\t\t\t\t\t\t<span class=\"efbl-profile-story-text\"> <\/span>\n\t\t\t\t\t\t\t\t\t<\/h2>\n\t\t\t\t\t\t\t\t<\/div>\n\t\t\t\t\t\t\t\t<span>1 day 2 hours ago<\/span>\n\t\t\t\t\t\t\t<\/div>\n\t\t\t\t\t\t<\/div>\n\n\t\t\t\t\t\n\n\t\t\t\t\t\n\n\t\t\t\t\t\n\t\t\t\t\t\t\t\t\t\t\t\t\t<p class=\"description\">\n\t\t\t\t\t\t\t\t<span class=\"efbl-description-wrap\">Bracia po raz pierwszy zorganizowali wy\u015bcigi gokartowe dla m\u0119\u017cczyzn. 25 uczestnik\u00f3w spotka\u0142o si\u0119 w czwartek wieczorem w Dortmundzie na najd\u0142u\u017cszym torze gokartowym w Niemczech. Po<\/span>\n\n\n\t\t\t\t\t\t\t\t\n\n\t\t\t\t\t\t\t<\/p>\n\n\t\t\t\t\t\t\n\t\t\t\t\t\n\t\t\t\t\t\n\t\t\t\t<\/div>\n\t\t\t\t\t\t<\/div>\n\n\t\t\t<div class=\"efbl-post-footer\">\n\n\n\t\t<div class=\"efbl-d-flex efbl-justify-content-between\">\n\t\t\t\t\t\t\t<div class=\"efbl-reacted efbl-d-flex efbl-align-items-center\">\n\n\t\t\t\t\t\n\t\t\t\t\t\t\n\t\t\t\t\t\t\t<div class=\"efbl-reacted-item emotis \" >\n\n\t\t\t\t\t\t\t\t\t\t\t\t\t\t\t\t\t<i class=\"icon icon-esf-thumbs-o-up\"><\/i>\n\t\t\t\t\t\t\t\t\n\t\t\t\t\t\t\t\t\t\t\t\t\t\t\t\t39\t\t\t\t\t\t\t<\/div>\n\t\t\t\t\t\t\t\n\n\n\t\t\t\t\t\t\t\t\t\t\t<div class=\"efbl-reacted-item\">\n\n\t\t\t\t\t\t\t\n\t\t\t\t\t\t\t\t<i class=\"icon icon-esf-comment-o\"><\/i>1\n\t\t\t\t\t\t\t\t\n\t\t\t\t\t\t<\/div>\n\t\t\t\t\t\n\t\t\t\t\t\t\t\n\n\t\t\t\t<\/div>\n\t\t\t\n\n\n\t\t\t<div class=\"efbl-view-share efbl-d-flex efbl-justify-content-between efbl-align-items-center efbl-mb-1 efbl-mt-1\">\n\n\t\t\t\t\n\t\t\t\t\t<a href=\"https:\/\/www.facebook.com\/696600203843125_1392138696289882\"\n\t\t\t\t\t   target=\"_blank\"\n\t\t\t\t\t   rel=\"nofollow\"\n\t\t\t\t\t   class=\"efbl-view-on-fb no-anchor-style link efbl-mr-1\">View on Facebook<\/a>\n\n\t\t\t\t\n\t\t\t\t\n\t\t\t\t\t<div class=\"esf-share-wrapper\">\n\t\t\t\t\t\t<a href=\"#\" class=\"no-anchor-style link esf-share\">Share<\/a>\n\t\t\t\t\t\t<div class=\"esf-social-share\">\n\t\t\t\t\t\t\t<button>\n\t\t\t\t\t\t\t\t<a class=\"efbl_facebook\"\n\t\t\t\t\t\t\t\t   href=\"https:\/\/www.facebook.com\/sharer\/sharer.php?u=https:\/\/www.facebook.com\/696600203843125_1392138696289882\"\n\t\t\t\t\t\t\t\t   rel=\"nofollow\"\n\t\t\t\t\t\t\t\t   target=\"_blank\">\n\t\t\t\t\t\t\t\t\t<i class=\"icon icon-esf-facebook\"><\/i>\n\t\t\t\t\t\t\t\t<\/a>\n\t\t\t\t\t\t\t<\/button>\n\n\t\t\t\t\t\t\t<button>\n\t\t\t\t\t\t\t\t<a class=\"efbl_twitter\"\n\t\t\t\t\t\t\t\t   href=\"https:\/\/twitter.com\/intent\/tweet?text=https:\/\/www.facebook.com\/696600203843125_1392138696289882\"\n\t\t\t\t\t\t\t\t   rel=\"nofollow\"\n\t\t\t\t\t\t\t\t   target=\"_blank\">\n\t\t\t\t\t\t\t\t\t<i class=\"icon icon-esf-twitter\"><\/i>\n\t\t\t\t\t\t\t\t<\/a>\n\t\t\t\t\t\t\t<\/button>\n\n\t\t\t\t\t\t\t<button>\n\t\t\t\t\t\t\t\t<a class=\"efbl_linked_in\"\n\t\t\t\t\t\t\t\t   href=\"https:\/\/www.linkedin.com\/shareArticle?mini=true&url=https:\/\/www.facebook.com\/696600203843125_1392138696289882\"\n\t\t\t\t\t\t\t\t   rel=\"nofollow\"\n\t\t\t\t\t\t\t\t   target=\"_blank\">\n\t\t\t\t\t\t\t\t\t<i class=\"icon icon-esf-linkedin\"><\/i>\n\t\t\t\t\t\t\t\t<\/a>\n\t\t\t\t\t\t\t<\/button>\n\t\t\t\t\t\t<\/div>\n\t\t\t\t\t<\/div>\n\t\t\t\t\n\t\t\t<\/div>\n\n\t\t<\/div>\n\n\n\t<\/div>\n\n\n\t<\/div>\n\n<\/div>\n\n\n<div class=\"efbl-halfwidth-skin added_photos efbl-story-wrapper\">\n\t<div class=\"efbl-thumbnail-wrapper\">\n\t\t<div class=\"efbl-row efbl-content-wrapper\">\n\n\t\t\t\n\n\t\t\t\t<div class=\"efbl-thumbnail-col efbl-col-sm-6\">\n\n\t\t\t\t\t\n\t\t\t\t\t\t<a href=\"https:\/\/www.haus-concordia.com\/web\/wp-admin\/admin-ajax.php?action=efbl_generate_popup_html\" data-imagelink=https:\/\/www.haus-concordia.com\/web\/wp-content\/uploads\/esf-facebook\/696600203843125_1391678243002594.jpg\t\t\t\t\t\t\tdata-storylink=\"https:\/\/www.facebook.com\/696600203843125_1391678243002594\"\n\t\t\t\t\t\t\tdata-linktext=\"Read full story\"\n\t\t\t\t\t\t\tdata-caption=\"Niedziela z Panem mia\u0142a tym razem temat: &quot;Chrystus Zmartwychwsta\u0142 \u2013 prawda, kt\u00f3r\u0105 \u017cyj\u0119? Po Mszy \u015awi\u0119tej i obiedzie by\u0142 impuls brata Tadeusza. Nast\u0119pnie mo\u017cna by\u0142o\"\n\t\t\t\t\t\t\tdata-itemnumber=\"3\"\n\t\t\t\t\t\t\tclass=\"efbl_feed_popup  efbl-cff-item_number-3\">\n\t\t\t\t\t\t\t<img decoding=\"async\" src=\"https:\/\/www.haus-concordia.com\/web\/wp-content\/uploads\/esf-facebook\/696600203843125_1391678243002594.jpg\"\n\t\t\t\t\t\t\t\tclass=\"img-responsive \"\n\t\t\t\t\t\t\t\t\t\t\t\t\t\t\t\talt=\"Haus Concordia\"\/>\n\t\t\t\t\t\t\t<div class=\"efbl-overlay\">\n\n\n\t\t\t\t\t\t\t\t\n\t\t\t\t\t\t\t\t\t<i class=\"icon icon-esf-plus efbl-plus\"\n\t\t\t\t\t\t\t\t\t\taria-hidden=\"true\"><\/i>\n\n\t\t\t\t\t\t\t\t\t\t\t\t\t\t\t\t\t\t\t\t\t\t\t\t\t<i class=\"icon icon-esf-clone efbl_multimedia\"\n\t\t\t\t\t\t\t\t\t\taria-hidden=\"true\"><\/i>\n\t\t\t\t\t\t\t\t\t\t\t\t\t\t\t<\/div>\n\t\t\t\t\t\t<\/a>\n\n\t\t\t\t\t\n\n\t\t\t\t<\/div>\n\n\t\t\t\t<div class=\"efbl-feed-content efbl-col-sm-6 \">\n\n\t\t\t\t\t\n\t\t\t\t\t\t<div class=\"efbl-d-flex\">\n\n\t\t\t\t\t\t\t\n\t\t\t\t\t\t\t\t<div class=\"efbl-profile-image\">\n\t\t\t\t\t\t\t\t\t<a href=\"https:\/\/facebook.com\/696600203843125\"\n\t\t\t\t\t\t\t\t\t\ttitle=\"\"\n\t\t\t\t\t\t\t\t\t\trel=\"nofollow\"\n\t\t\t\t\t\t\t\t\t\ttarget=\"_blank\">\n\t\t\t\t\t\t\t\t\t\t<img alt=\"\"\n\t\t\t\t\t\t\t\t\t\t\tsrc=\"https:\/\/scontent-dus1-1.xx.fbcdn.net\/v\/t39.30808-1\/339138672_143959665039890_704330360782877008_n.jpg?stp=dst-jpg_s200x200_tt6&#038;_nc_cat=100&#038;ccb=1-7&#038;_nc_sid=f907e8&#038;_nc_ohc=7M1ZzKbohaIQ7kNvwGLzKXp&#038;_nc_oc=AdpN8tyTl2gQWIXnUMFts973fGo9NjD113pohezTz-nD-3UpGQ1Vvv0TkaIbO2sneqU&#038;_nc_zt=24&#038;_nc_ht=scontent-dus1-1.xx&#038;edm=AOf6bZoEAAAA&#038;_nc_gid=W_cVNzmdZbhxt0gXdN79OA&#038;_nc_tpa=Q5bMBQHz1iEGM9XyCBYpbaagC_RXyY9jyApZq7N8RaroRxVs09Jrf1Zd4OczKn6zdPpJ-0bSg3H8rf5E&#038;oh=00_Af1CgmLXfHAPLmizLE88wuw9KfYLN1mYjTXZfAT1DZqNOw&#038;oe=69F67B6C\"\/><\/a>\n\t\t\t\t\t\t\t\t<\/div>\n\n\t\t\t\t\t\t\t\n\t\t\t\t\t\t\t<div class=\"efbl-profile-title\">\n\t\t\t\t\t\t\t\t<div class=\"efbl-profile-title-wrap \">\n\t\t\t\t\t\t\t\t\t<h2>Haus Concordia\t\t\t\t\t\t\t\t\t\t\t\t\t\t\t\t\t\t\t\t<span class=\"efbl-profile-story-text\"> <\/span>\n\t\t\t\t\t\t\t\t\t<\/h2>\n\t\t\t\t\t\t\t\t<\/div>\n\t\t\t\t\t\t\t\t<span>1 day 16 hours ago<\/span>\n\t\t\t\t\t\t\t<\/div>\n\t\t\t\t\t\t<\/div>\n\n\t\t\t\t\t\n\n\t\t\t\t\t\n\n\t\t\t\t\t\n\t\t\t\t\t\t\t\t\t\t\t\t\t<p class=\"description\">\n\t\t\t\t\t\t\t\t<span class=\"efbl-description-wrap\">Niedziela z Panem mia\u0142a tym razem temat: &quot;Chrystus Zmartwychwsta\u0142 \u2013 prawda, kt\u00f3r\u0105 \u017cyj\u0119? Po Mszy \u015awi\u0119tej i obiedzie by\u0142 impuls brata Tadeusza. Nast\u0119pnie mo\u017cna by\u0142o<\/span>\n\n\n\t\t\t\t\t\t\t\t\n\n\t\t\t\t\t\t\t<\/p>\n\n\t\t\t\t\t\t\n\t\t\t\t\t\n\t\t\t\t\t\n\t\t\t\t<\/div>\n\t\t\t\t\t\t<\/div>\n\n\t\t\t<div class=\"efbl-post-footer\">\n\n\n\t\t<div class=\"efbl-d-flex efbl-justify-content-between\">\n\t\t\t\t\t\t\t<div class=\"efbl-reacted efbl-d-flex efbl-align-items-center\">\n\n\t\t\t\t\t\n\t\t\t\t\t\t\n\t\t\t\t\t\t\t<div class=\"efbl-reacted-item emotis \" >\n\n\t\t\t\t\t\t\t\t\t\t\t\t\t\t\t\t\t<i class=\"icon icon-esf-thumbs-o-up\"><\/i>\n\t\t\t\t\t\t\t\t\n\t\t\t\t\t\t\t\t\t\t\t\t\t\t\t\t9\t\t\t\t\t\t\t<\/div>\n\t\t\t\t\t\t\t\n\n\n\t\t\t\t\t\n\t\t\t\t\t\t\t\n\n\t\t\t\t<\/div>\n\t\t\t\n\n\n\t\t\t<div class=\"efbl-view-share efbl-d-flex efbl-justify-content-between efbl-align-items-center efbl-mb-1 efbl-mt-1\">\n\n\t\t\t\t\n\t\t\t\t\t<a href=\"https:\/\/www.facebook.com\/696600203843125_1391678243002594\"\n\t\t\t\t\t   target=\"_blank\"\n\t\t\t\t\t   rel=\"nofollow\"\n\t\t\t\t\t   class=\"efbl-view-on-fb no-anchor-style link efbl-mr-1\">View on Facebook<\/a>\n\n\t\t\t\t\n\t\t\t\t\n\t\t\t\t\t<div class=\"esf-share-wrapper\">\n\t\t\t\t\t\t<a href=\"#\" class=\"no-anchor-style link esf-share\">Share<\/a>\n\t\t\t\t\t\t<div class=\"esf-social-share\">\n\t\t\t\t\t\t\t<button>\n\t\t\t\t\t\t\t\t<a class=\"efbl_facebook\"\n\t\t\t\t\t\t\t\t   href=\"https:\/\/www.facebook.com\/sharer\/sharer.php?u=https:\/\/www.facebook.com\/696600203843125_1391678243002594\"\n\t\t\t\t\t\t\t\t   rel=\"nofollow\"\n\t\t\t\t\t\t\t\t   target=\"_blank\">\n\t\t\t\t\t\t\t\t\t<i class=\"icon icon-esf-facebook\"><\/i>\n\t\t\t\t\t\t\t\t<\/a>\n\t\t\t\t\t\t\t<\/button>\n\n\t\t\t\t\t\t\t<button>\n\t\t\t\t\t\t\t\t<a class=\"efbl_twitter\"\n\t\t\t\t\t\t\t\t   href=\"https:\/\/twitter.com\/intent\/tweet?text=https:\/\/www.facebook.com\/696600203843125_1391678243002594\"\n\t\t\t\t\t\t\t\t   rel=\"nofollow\"\n\t\t\t\t\t\t\t\t   target=\"_blank\">\n\t\t\t\t\t\t\t\t\t<i class=\"icon icon-esf-twitter\"><\/i>\n\t\t\t\t\t\t\t\t<\/a>\n\t\t\t\t\t\t\t<\/button>\n\n\t\t\t\t\t\t\t<button>\n\t\t\t\t\t\t\t\t<a class=\"efbl_linked_in\"\n\t\t\t\t\t\t\t\t   href=\"https:\/\/www.linkedin.com\/shareArticle?mini=true&url=https:\/\/www.facebook.com\/696600203843125_1391678243002594\"\n\t\t\t\t\t\t\t\t   rel=\"nofollow\"\n\t\t\t\t\t\t\t\t   target=\"_blank\">\n\t\t\t\t\t\t\t\t\t<i class=\"icon icon-esf-linkedin\"><\/i>\n\t\t\t\t\t\t\t\t<\/a>\n\t\t\t\t\t\t\t<\/button>\n\t\t\t\t\t\t<\/div>\n\t\t\t\t\t<\/div>\n\t\t\t\t\n\t\t\t<\/div>\n\n\t\t<\/div>\n\n\n\t<\/div>\n\n\n\t<\/div>\n\n<\/div>\n\n\n<div class=\"efbl-halfwidth-skin added_photos efbl-story-wrapper\">\n\t<div class=\"efbl-thumbnail-wrapper\">\n\t\t<div class=\"efbl-row efbl-content-wrapper\">\n\n\t\t\t\n\n\t\t\t\t<div class=\"efbl-thumbnail-col efbl-col-sm-6\">\n\n\t\t\t\t\t\n\t\t\t\t\t\t<a href=\"https:\/\/www.haus-concordia.com\/web\/wp-admin\/admin-ajax.php?action=efbl_generate_popup_html\" data-imagelink=https:\/\/www.haus-concordia.com\/web\/wp-content\/uploads\/esf-facebook\/696600203843125_1077916438740213.jpg\t\t\t\t\t\t\tdata-storylink=\"https:\/\/www.facebook.com\/696600203843125_1077916438740213\"\n\t\t\t\t\t\t\tdata-linktext=\"Read full story\"\n\t\t\t\t\t\t\tdata-caption=\"Zlot motocyklowy &lt;a target=&quot;_blank&quot; href=&quot;http:\/\/www.haus-concordia.com\/web\/kalendarz\/polonijny-zlot-motocyklistow\/&quot;&gt;www.haus-concordia.com\/web\/kalendarz\/polonijny-zlot-motocyklistow\/&lt;\/a&gt; Weekend z Jezusem &lt;a target=&quot;_blank&quot; href=&quot;http:\/\/www.haus-concordia.com\/web\/kalendarz\/weekend-z-jezusem-rekolekcje-dla-dzieci-i-mlodziezy\/&quot;&gt;www.haus-concordia.com\/web\/kalendarz\/weekend-z-jezusem-rekolekcje-dla-dzieci-i-mlodziezy\/&lt;\/a&gt; Christi Himmelfahrts-Fest &lt;a target=&quot;_blank&quot; href=&quot;http:\/\/www.haus-concordia.com\/web\/kalendarz\/christi-himmelfahrts-fest\/&quot;&gt;www.haus-concordia.com\/web\/kalendarz\/christi-himmelfahrts-fest\/&lt;\/a&gt; Einkehrtag Komm herab o heiliger Geist &lt;a target=&quot;_blank&quot; href=&quot;http:\/\/www.haus-concordia.com\/web\/kalendarz\/komm-herab-o-heiliger-geist-dzien-skupienia-przed-zeslaniem-ducha-swietego\/&quot;&gt;www.haus-concordia.com\/web\/kalendarz\/komm-herab-o-heiliger-geist-dzien-skupienia-przed-zeslaniem-ducha-swietego\/&lt;\/a&gt; Nowenna przed Zes\u0142aniem Ducha \u015awi\u0119tego &lt;a target=&quot;_blank&quot; href=&quot;http:\/\/www.haus-concordia.com\/web\/kalendarz\/nowenna-przed-zeslaniem-ducha-swietego\/&quot;&gt;www.haus-concordia.com\/web\/kalendarz\/nowenna-przed-zeslaniem-ducha-swietego\/&lt;\/a&gt; Mi\u0119dzynarodowe spotkanie\"\n\t\t\t\t\t\t\tdata-itemnumber=\"4\"\n\t\t\t\t\t\t\tclass=\"efbl_feed_popup  efbl-cff-item_number-4\">\n\t\t\t\t\t\t\t<img decoding=\"async\" src=\"https:\/\/www.haus-concordia.com\/web\/wp-content\/uploads\/esf-facebook\/696600203843125_1077916438740213.jpg\"\n\t\t\t\t\t\t\t\tclass=\"img-responsive \"\n\t\t\t\t\t\t\t\t\t\t\t\t\t\t\t\talt=\"Haus Concordia\"\/>\n\t\t\t\t\t\t\t<div class=\"efbl-overlay\">\n\n\n\t\t\t\t\t\t\t\t\n\t\t\t\t\t\t\t\t\t<i class=\"icon icon-esf-plus efbl-plus\"\n\t\t\t\t\t\t\t\t\t\taria-hidden=\"true\"><\/i>\n\n\t\t\t\t\t\t\t\t\t\t\t\t\t\t\t\t\t\t\t\t\t\t\t<\/div>\n\t\t\t\t\t\t<\/a>\n\n\t\t\t\t\t\n\n\t\t\t\t<\/div>\n\n\t\t\t\t<div class=\"efbl-feed-content efbl-col-sm-6 \">\n\n\t\t\t\t\t\n\t\t\t\t\t\t<div class=\"efbl-d-flex\">\n\n\t\t\t\t\t\t\t\n\t\t\t\t\t\t\t\t<div class=\"efbl-profile-image\">\n\t\t\t\t\t\t\t\t\t<a href=\"https:\/\/facebook.com\/696600203843125\"\n\t\t\t\t\t\t\t\t\t\ttitle=\"\"\n\t\t\t\t\t\t\t\t\t\trel=\"nofollow\"\n\t\t\t\t\t\t\t\t\t\ttarget=\"_blank\">\n\t\t\t\t\t\t\t\t\t\t<img alt=\"\"\n\t\t\t\t\t\t\t\t\t\t\tsrc=\"https:\/\/scontent-dus1-1.xx.fbcdn.net\/v\/t39.30808-1\/339138672_143959665039890_704330360782877008_n.jpg?stp=dst-jpg_s200x200_tt6&#038;_nc_cat=100&#038;ccb=1-7&#038;_nc_sid=f907e8&#038;_nc_ohc=7M1ZzKbohaIQ7kNvwGLzKXp&#038;_nc_oc=AdpN8tyTl2gQWIXnUMFts973fGo9NjD113pohezTz-nD-3UpGQ1Vvv0TkaIbO2sneqU&#038;_nc_zt=24&#038;_nc_ht=scontent-dus1-1.xx&#038;edm=AOf6bZoEAAAA&#038;_nc_gid=W_cVNzmdZbhxt0gXdN79OA&#038;_nc_tpa=Q5bMBQHz1iEGM9XyCBYpbaagC_RXyY9jyApZq7N8RaroRxVs09Jrf1Zd4OczKn6zdPpJ-0bSg3H8rf5E&#038;oh=00_Af1CgmLXfHAPLmizLE88wuw9KfYLN1mYjTXZfAT1DZqNOw&#038;oe=69F67B6C\"\/><\/a>\n\t\t\t\t\t\t\t\t<\/div>\n\n\t\t\t\t\t\t\t\n\t\t\t\t\t\t\t<div class=\"efbl-profile-title\">\n\t\t\t\t\t\t\t\t<div class=\"efbl-profile-title-wrap \">\n\t\t\t\t\t\t\t\t\t<h2>Haus Concordia\t\t\t\t\t\t\t\t\t\t\t\t\t\t\t\t\t\t\t\t<span class=\"efbl-profile-story-text\"> zaktualizowa\u0142(a) swoje zdj\u0119cie w tle. <\/span>\n\t\t\t\t\t\t\t\t\t<\/h2>\n\t\t\t\t\t\t\t\t<\/div>\n\t\t\t\t\t\t\t\t<span>1 day 23 hours ago<\/span>\n\t\t\t\t\t\t\t<\/div>\n\t\t\t\t\t\t<\/div>\n\n\t\t\t\t\t\n\n\t\t\t\t\t\n\n\t\t\t\t\t\n\t\t\t\t\t\t\t\t\t\t\t\t\t<p class=\"description\">\n\t\t\t\t\t\t\t\t<span class=\"efbl-description-wrap\">Zlot motocyklowy <a target=\"_blank\" href=\"http:\/\/www.haus-concordia.com\/web\/kalendarz\/polonijny-zlot-motocyklistow\/\">www.haus-concordia.com\/web\/kalendarz\/polonijny-zlot-motocyklistow\/<\/a> Weekend z Jezusem <a target=\"_blank\" href=\"http:\/\/www.haus-concordia.com\/web\/kalendarz\/weekend-z-jezusem-rekolekcje-dla-dzieci-i-mlodziezy\/\">www.haus-concordia.com\/web\/kalendarz\/weekend-z-jezusem-rekolekcje-dla-dzieci-i-mlodziezy\/<\/a> Christi Himmelfahrts-Fest <a target=\"_blank\" href=\"http:\/\/www.haus-concordia.com\/web\/kalendarz\/christi-himmelfahrts-fest\/\">www.haus-concordia.com\/web\/kalendarz\/christi-himmelfahrts-fest\/<\/a> Einkehrtag Komm herab o heiliger Geist <a target=\"_blank\" href=\"http:\/\/www.haus-concordia.com\/web\/kalendarz\/komm-herab-o-heiliger-geist-dzien-skupienia-przed-zeslaniem-ducha-swietego\/\">www.haus-concordia.com\/web\/kalendarz\/komm-herab-o-heiliger-geist-dzien-skupienia-przed-zeslaniem-ducha-swietego\/<\/a> Nowenna przed Zes\u0142aniem Ducha \u015awi\u0119tego <a target=\"_blank\" href=\"http:\/\/www.haus-concordia.com\/web\/kalendarz\/nowenna-przed-zeslaniem-ducha-swietego\/\">www.haus-concordia.com\/web\/kalendarz\/nowenna-przed-zeslaniem-ducha-swietego\/<\/a> Mi\u0119dzynarodowe spotkanie<\/span>\n\n\n\t\t\t\t\t\t\t\t\n\n\t\t\t\t\t\t\t<\/p>\n\n\t\t\t\t\t\t\n\t\t\t\t\t\n\t\t\t\t\t\n\t\t\t\t<\/div>\n\t\t\t\t\t\t<\/div>\n\n\t\t\t<div class=\"efbl-post-footer\">\n\n\n\t\t<div class=\"efbl-d-flex efbl-justify-content-between\">\n\t\t\t\t\t\t\t<div class=\"efbl-reacted efbl-d-flex efbl-align-items-center\">\n\n\t\t\t\t\t\n\t\t\t\t\t\t\n\t\t\t\t\t\t\t<div class=\"efbl-reacted-item emotis \" >\n\n\t\t\t\t\t\t\t\t\t\t\t\t\t\t\t\t\t<i class=\"icon icon-esf-thumbs-o-up\"><\/i>\n\t\t\t\t\t\t\t\t\n\t\t\t\t\t\t\t\t\t\t\t\t\t\t\t\t7\t\t\t\t\t\t\t<\/div>\n\t\t\t\t\t\t\t\n\n\n\t\t\t\t\t\n\t\t\t\t\t\t\t\n\n\t\t\t\t<\/div>\n\t\t\t\n\n\n\t\t\t<div class=\"efbl-view-share efbl-d-flex efbl-justify-content-between efbl-align-items-center efbl-mb-1 efbl-mt-1\">\n\n\t\t\t\t\n\t\t\t\t\t<a href=\"https:\/\/www.facebook.com\/696600203843125_1077916438740213\"\n\t\t\t\t\t   target=\"_blank\"\n\t\t\t\t\t   rel=\"nofollow\"\n\t\t\t\t\t   class=\"efbl-view-on-fb no-anchor-style link efbl-mr-1\">View on Facebook<\/a>\n\n\t\t\t\t\n\t\t\t\t\n\t\t\t\t\t<div class=\"esf-share-wrapper\">\n\t\t\t\t\t\t<a href=\"#\" class=\"no-anchor-style link esf-share\">Share<\/a>\n\t\t\t\t\t\t<div class=\"esf-social-share\">\n\t\t\t\t\t\t\t<button>\n\t\t\t\t\t\t\t\t<a class=\"efbl_facebook\"\n\t\t\t\t\t\t\t\t   href=\"https:\/\/www.facebook.com\/sharer\/sharer.php?u=https:\/\/www.facebook.com\/696600203843125_1077916438740213\"\n\t\t\t\t\t\t\t\t   rel=\"nofollow\"\n\t\t\t\t\t\t\t\t   target=\"_blank\">\n\t\t\t\t\t\t\t\t\t<i class=\"icon icon-esf-facebook\"><\/i>\n\t\t\t\t\t\t\t\t<\/a>\n\t\t\t\t\t\t\t<\/button>\n\n\t\t\t\t\t\t\t<button>\n\t\t\t\t\t\t\t\t<a class=\"efbl_twitter\"\n\t\t\t\t\t\t\t\t   href=\"https:\/\/twitter.com\/intent\/tweet?text=https:\/\/www.facebook.com\/696600203843125_1077916438740213\"\n\t\t\t\t\t\t\t\t   rel=\"nofollow\"\n\t\t\t\t\t\t\t\t   target=\"_blank\">\n\t\t\t\t\t\t\t\t\t<i class=\"icon icon-esf-twitter\"><\/i>\n\t\t\t\t\t\t\t\t<\/a>\n\t\t\t\t\t\t\t<\/button>\n\n\t\t\t\t\t\t\t<button>\n\t\t\t\t\t\t\t\t<a class=\"efbl_linked_in\"\n\t\t\t\t\t\t\t\t   href=\"https:\/\/www.linkedin.com\/shareArticle?mini=true&url=https:\/\/www.facebook.com\/696600203843125_1077916438740213\"\n\t\t\t\t\t\t\t\t   rel=\"nofollow\"\n\t\t\t\t\t\t\t\t   target=\"_blank\">\n\t\t\t\t\t\t\t\t\t<i class=\"icon icon-esf-linkedin\"><\/i>\n\t\t\t\t\t\t\t\t<\/a>\n\t\t\t\t\t\t\t<\/button>\n\t\t\t\t\t\t<\/div>\n\t\t\t\t\t<\/div>\n\t\t\t\t\n\t\t\t<\/div>\n\n\t\t<\/div>\n\n\n\t<\/div>\n\n\n\t<\/div>\n\n<\/div>\n\n\n<div class=\"efbl-halfwidth-skin added_photos efbl-story-wrapper\">\n\t<div class=\"efbl-thumbnail-wrapper\">\n\t\t<div class=\"efbl-row efbl-content-wrapper\">\n\n\t\t\t\n\n\t\t\t\t<div class=\"efbl-thumbnail-col efbl-col-sm-6\">\n\n\t\t\t\t\t\n\t\t\t\t\t\t<a href=\"https:\/\/www.haus-concordia.com\/web\/wp-admin\/admin-ajax.php?action=efbl_generate_popup_html\" data-imagelink=https:\/\/www.haus-concordia.com\/web\/wp-content\/uploads\/esf-facebook\/696600203843125_1390594633110955.jpg\t\t\t\t\t\t\tdata-storylink=\"https:\/\/www.facebook.com\/696600203843125_1390594633110955\"\n\t\t\t\t\t\t\tdata-linktext=\"Read full story\"\n\t\t\t\t\t\t\tdata-caption=\"Zapraszamy dzieci, rodzic\u00f3w i ca\u0142e rodziny na radosny Dzie\u0144 Dziecka w Haus Concordia! To b\u0119dzie dzie\u0144 pe\u0142en u\u015bmiechu, ruchu, wsp\u00f3lnej zabawy i dobrej atmosfery \u2013\"\n\t\t\t\t\t\t\tdata-itemnumber=\"5\"\n\t\t\t\t\t\t\tclass=\"efbl_feed_popup  efbl-cff-item_number-5\">\n\t\t\t\t\t\t\t<img decoding=\"async\" src=\"https:\/\/www.haus-concordia.com\/web\/wp-content\/uploads\/esf-facebook\/696600203843125_1390594633110955.jpg\"\n\t\t\t\t\t\t\t\tclass=\"img-responsive \"\n\t\t\t\t\t\t\t\t\t\t\t\t\t\t\t\talt=\"Haus Concordia\"\/>\n\t\t\t\t\t\t\t<div class=\"efbl-overlay\">\n\n\n\t\t\t\t\t\t\t\t\n\t\t\t\t\t\t\t\t\t<i class=\"icon icon-esf-plus efbl-plus\"\n\t\t\t\t\t\t\t\t\t\taria-hidden=\"true\"><\/i>\n\n\t\t\t\t\t\t\t\t\t\t\t\t\t\t\t\t\t\t\t\t\t\t\t<\/div>\n\t\t\t\t\t\t<\/a>\n\n\t\t\t\t\t\n\n\t\t\t\t<\/div>\n\n\t\t\t\t<div class=\"efbl-feed-content efbl-col-sm-6 \">\n\n\t\t\t\t\t\n\t\t\t\t\t\t<div class=\"efbl-d-flex\">\n\n\t\t\t\t\t\t\t\n\t\t\t\t\t\t\t\t<div class=\"efbl-profile-image\">\n\t\t\t\t\t\t\t\t\t<a href=\"https:\/\/facebook.com\/696600203843125\"\n\t\t\t\t\t\t\t\t\t\ttitle=\"\"\n\t\t\t\t\t\t\t\t\t\trel=\"nofollow\"\n\t\t\t\t\t\t\t\t\t\ttarget=\"_blank\">\n\t\t\t\t\t\t\t\t\t\t<img alt=\"\"\n\t\t\t\t\t\t\t\t\t\t\tsrc=\"https:\/\/scontent-dus1-1.xx.fbcdn.net\/v\/t39.30808-1\/339138672_143959665039890_704330360782877008_n.jpg?stp=dst-jpg_s200x200_tt6&#038;_nc_cat=100&#038;ccb=1-7&#038;_nc_sid=f907e8&#038;_nc_ohc=7M1ZzKbohaIQ7kNvwGLzKXp&#038;_nc_oc=AdpN8tyTl2gQWIXnUMFts973fGo9NjD113pohezTz-nD-3UpGQ1Vvv0TkaIbO2sneqU&#038;_nc_zt=24&#038;_nc_ht=scontent-dus1-1.xx&#038;edm=AOf6bZoEAAAA&#038;_nc_gid=W_cVNzmdZbhxt0gXdN79OA&#038;_nc_tpa=Q5bMBQHz1iEGM9XyCBYpbaagC_RXyY9jyApZq7N8RaroRxVs09Jrf1Zd4OczKn6zdPpJ-0bSg3H8rf5E&#038;oh=00_Af1CgmLXfHAPLmizLE88wuw9KfYLN1mYjTXZfAT1DZqNOw&#038;oe=69F67B6C\"\/><\/a>\n\t\t\t\t\t\t\t\t<\/div>\n\n\t\t\t\t\t\t\t\n\t\t\t\t\t\t\t<div class=\"efbl-profile-title\">\n\t\t\t\t\t\t\t\t<div class=\"efbl-profile-title-wrap \">\n\t\t\t\t\t\t\t\t\t<h2>Haus Concordia\t\t\t\t\t\t\t\t\t\t\t\t\t\t\t\t\t\t\t\t<span class=\"efbl-profile-story-text\"> <\/span>\n\t\t\t\t\t\t\t\t\t<\/h2>\n\t\t\t\t\t\t\t\t<\/div>\n\t\t\t\t\t\t\t\t<span>2 days 22 hours ago<\/span>\n\t\t\t\t\t\t\t<\/div>\n\t\t\t\t\t\t<\/div>\n\n\t\t\t\t\t\n\n\t\t\t\t\t\n\n\t\t\t\t\t\n\t\t\t\t\t\t\t\t\t\t\t\t\t<p class=\"description\">\n\t\t\t\t\t\t\t\t<span class=\"efbl-description-wrap\">Zapraszamy dzieci, rodzic\u00f3w i ca\u0142e rodziny na radosny Dzie\u0144 Dziecka w Haus Concordia! To b\u0119dzie dzie\u0144 pe\u0142en u\u015bmiechu, ruchu, wsp\u00f3lnej zabawy i dobrej atmosfery \u2013<\/span>\n\n\n\t\t\t\t\t\t\t\t\n\n\t\t\t\t\t\t\t<\/p>\n\n\t\t\t\t\t\t\n\t\t\t\t\t\n\t\t\t\t\t\n\t\t\t\t<\/div>\n\t\t\t\t\t\t<\/div>\n\n\t\t\t<div class=\"efbl-post-footer\">\n\n\n\t\t<div class=\"efbl-d-flex efbl-justify-content-between\">\n\t\t\t\t\t\t\t<div class=\"efbl-reacted efbl-d-flex efbl-align-items-center\">\n\n\t\t\t\t\t\n\t\t\t\t\t\t\n\t\t\t\t\t\t\t<div class=\"efbl-reacted-item emotis \" >\n\n\t\t\t\t\t\t\t\t\t\t\t\t\t\t\t\t\t<i class=\"icon icon-esf-thumbs-o-up\"><\/i>\n\t\t\t\t\t\t\t\t\n\t\t\t\t\t\t\t\t\t\t\t\t\t\t\t\t8\t\t\t\t\t\t\t<\/div>\n\t\t\t\t\t\t\t\n\n\n\t\t\t\t\t\n\t\t\t\t\t\t\t\n\n\t\t\t\t<\/div>\n\t\t\t\n\n\n\t\t\t<div class=\"efbl-view-share efbl-d-flex efbl-justify-content-between efbl-align-items-center efbl-mb-1 efbl-mt-1\">\n\n\t\t\t\t\n\t\t\t\t\t<a href=\"https:\/\/www.facebook.com\/696600203843125_1390594633110955\"\n\t\t\t\t\t   target=\"_blank\"\n\t\t\t\t\t   rel=\"nofollow\"\n\t\t\t\t\t   class=\"efbl-view-on-fb no-anchor-style link efbl-mr-1\">View on Facebook<\/a>\n\n\t\t\t\t\n\t\t\t\t\n\t\t\t\t\t<div class=\"esf-share-wrapper\">\n\t\t\t\t\t\t<a href=\"#\" class=\"no-anchor-style link esf-share\">Share<\/a>\n\t\t\t\t\t\t<div class=\"esf-social-share\">\n\t\t\t\t\t\t\t<button>\n\t\t\t\t\t\t\t\t<a class=\"efbl_facebook\"\n\t\t\t\t\t\t\t\t   href=\"https:\/\/www.facebook.com\/sharer\/sharer.php?u=https:\/\/www.facebook.com\/696600203843125_1390594633110955\"\n\t\t\t\t\t\t\t\t   rel=\"nofollow\"\n\t\t\t\t\t\t\t\t   target=\"_blank\">\n\t\t\t\t\t\t\t\t\t<i class=\"icon icon-esf-facebook\"><\/i>\n\t\t\t\t\t\t\t\t<\/a>\n\t\t\t\t\t\t\t<\/button>\n\n\t\t\t\t\t\t\t<button>\n\t\t\t\t\t\t\t\t<a class=\"efbl_twitter\"\n\t\t\t\t\t\t\t\t   href=\"https:\/\/twitter.com\/intent\/tweet?text=https:\/\/www.facebook.com\/696600203843125_1390594633110955\"\n\t\t\t\t\t\t\t\t   rel=\"nofollow\"\n\t\t\t\t\t\t\t\t   target=\"_blank\">\n\t\t\t\t\t\t\t\t\t<i class=\"icon icon-esf-twitter\"><\/i>\n\t\t\t\t\t\t\t\t<\/a>\n\t\t\t\t\t\t\t<\/button>\n\n\t\t\t\t\t\t\t<button>\n\t\t\t\t\t\t\t\t<a class=\"efbl_linked_in\"\n\t\t\t\t\t\t\t\t   href=\"https:\/\/www.linkedin.com\/shareArticle?mini=true&url=https:\/\/www.facebook.com\/696600203843125_1390594633110955\"\n\t\t\t\t\t\t\t\t   rel=\"nofollow\"\n\t\t\t\t\t\t\t\t   target=\"_blank\">\n\t\t\t\t\t\t\t\t\t<i class=\"icon icon-esf-linkedin\"><\/i>\n\t\t\t\t\t\t\t\t<\/a>\n\t\t\t\t\t\t\t<\/button>\n\t\t\t\t\t\t<\/div>\n\t\t\t\t\t<\/div>\n\t\t\t\t\n\t\t\t<\/div>\n\n\t\t<\/div>\n\n\n\t<\/div>\n\n\n\t<\/div>\n\n<\/div>\n\n\n<div class=\"efbl-halfwidth-skin added_photos efbl-story-wrapper\">\n\t<div class=\"efbl-thumbnail-wrapper\">\n\t\t<div class=\"efbl-row efbl-content-wrapper\">\n\n\t\t\t\n\n\t\t\t\t<div class=\"efbl-thumbnail-col efbl-col-sm-6\">\n\n\t\t\t\t\t\n\t\t\t\t\t\t<a href=\"https:\/\/www.haus-concordia.com\/web\/wp-admin\/admin-ajax.php?action=efbl_generate_popup_html\" data-imagelink=https:\/\/www.haus-concordia.com\/web\/wp-content\/uploads\/esf-facebook\/696600203843125_1390594556444296.jpg\t\t\t\t\t\t\tdata-storylink=\"https:\/\/www.facebook.com\/696600203843125_1390594556444296\"\n\t\t\t\t\t\t\tdata-linktext=\"Read full story\"\n\t\t\t\t\t\t\tdata-caption=\"Og\u0142oszenia duszpasterskie\nCzwarta Niedziela Wielkanocna \u2013 26 kwietnia 2026\"\n\t\t\t\t\t\t\tdata-itemnumber=\"6\"\n\t\t\t\t\t\t\tclass=\"efbl_feed_popup  efbl-cff-item_number-6\">\n\t\t\t\t\t\t\t<img decoding=\"async\" src=\"https:\/\/www.haus-concordia.com\/web\/wp-content\/uploads\/esf-facebook\/696600203843125_1390594556444296.jpg\"\n\t\t\t\t\t\t\t\tclass=\"img-responsive \"\n\t\t\t\t\t\t\t\t\t\t\t\t\t\t\t\talt=\"Haus Concordia\"\/>\n\t\t\t\t\t\t\t<div class=\"efbl-overlay\">\n\n\n\t\t\t\t\t\t\t\t\n\t\t\t\t\t\t\t\t\t<i class=\"icon icon-esf-plus efbl-plus\"\n\t\t\t\t\t\t\t\t\t\taria-hidden=\"true\"><\/i>\n\n\t\t\t\t\t\t\t\t\t\t\t\t\t\t\t\t\t\t\t\t\t\t\t<\/div>\n\t\t\t\t\t\t<\/a>\n\n\t\t\t\t\t\n\n\t\t\t\t<\/div>\n\n\t\t\t\t<div class=\"efbl-feed-content efbl-col-sm-6 \">\n\n\t\t\t\t\t\n\t\t\t\t\t\t<div class=\"efbl-d-flex\">\n\n\t\t\t\t\t\t\t\n\t\t\t\t\t\t\t\t<div class=\"efbl-profile-image\">\n\t\t\t\t\t\t\t\t\t<a href=\"https:\/\/facebook.com\/696600203843125\"\n\t\t\t\t\t\t\t\t\t\ttitle=\"\"\n\t\t\t\t\t\t\t\t\t\trel=\"nofollow\"\n\t\t\t\t\t\t\t\t\t\ttarget=\"_blank\">\n\t\t\t\t\t\t\t\t\t\t<img alt=\"\"\n\t\t\t\t\t\t\t\t\t\t\tsrc=\"https:\/\/scontent-dus1-1.xx.fbcdn.net\/v\/t39.30808-1\/339138672_143959665039890_704330360782877008_n.jpg?stp=dst-jpg_s200x200_tt6&#038;_nc_cat=100&#038;ccb=1-7&#038;_nc_sid=f907e8&#038;_nc_ohc=7M1ZzKbohaIQ7kNvwGLzKXp&#038;_nc_oc=AdpN8tyTl2gQWIXnUMFts973fGo9NjD113pohezTz-nD-3UpGQ1Vvv0TkaIbO2sneqU&#038;_nc_zt=24&#038;_nc_ht=scontent-dus1-1.xx&#038;edm=AOf6bZoEAAAA&#038;_nc_gid=W_cVNzmdZbhxt0gXdN79OA&#038;_nc_tpa=Q5bMBQHz1iEGM9XyCBYpbaagC_RXyY9jyApZq7N8RaroRxVs09Jrf1Zd4OczKn6zdPpJ-0bSg3H8rf5E&#038;oh=00_Af1CgmLXfHAPLmizLE88wuw9KfYLN1mYjTXZfAT1DZqNOw&#038;oe=69F67B6C\"\/><\/a>\n\t\t\t\t\t\t\t\t<\/div>\n\n\t\t\t\t\t\t\t\n\t\t\t\t\t\t\t<div class=\"efbl-profile-title\">\n\t\t\t\t\t\t\t\t<div class=\"efbl-profile-title-wrap \">\n\t\t\t\t\t\t\t\t\t<h2>Haus Concordia\t\t\t\t\t\t\t\t\t\t\t\t\t\t\t\t\t\t\t\t<span class=\"efbl-profile-story-text\"> <\/span>\n\t\t\t\t\t\t\t\t\t<\/h2>\n\t\t\t\t\t\t\t\t<\/div>\n\t\t\t\t\t\t\t\t<span>2 days 22 hours ago<\/span>\n\t\t\t\t\t\t\t<\/div>\n\t\t\t\t\t\t<\/div>\n\n\t\t\t\t\t\n\n\t\t\t\t\t\n\n\t\t\t\t\t\n\t\t\t\t\t\t\t\t\t\t\t\t\t<p class=\"description\">\n\t\t\t\t\t\t\t\t<span class=\"efbl-description-wrap\">Og\u0142oszenia duszpasterskie<br \/>\nCzwarta Niedziela Wielkanocna \u2013 26 kwietnia 2026<\/span>\n\n\n\t\t\t\t\t\t\t\t\n\n\t\t\t\t\t\t\t<\/p>\n\n\t\t\t\t\t\t\n\t\t\t\t\t\n\t\t\t\t\t\n\t\t\t\t<\/div>\n\t\t\t\t\t\t<\/div>\n\n\t\t\t<div class=\"efbl-post-footer\">\n\n\n\t\t<div class=\"efbl-d-flex efbl-justify-content-between\">\n\t\t\t\t\t\t\t<div class=\"efbl-reacted efbl-d-flex efbl-align-items-center\">\n\n\t\t\t\t\t\n\n\n\t\t\t\t\t\n\t\t\t\t\t\t\t\n\n\t\t\t\t<\/div>\n\t\t\t\n\n\n\t\t\t<div class=\"efbl-view-share efbl-d-flex efbl-justify-content-between efbl-align-items-center efbl-mb-1 efbl-mt-1\">\n\n\t\t\t\t\n\t\t\t\t\t<a href=\"https:\/\/www.facebook.com\/696600203843125_1390594556444296\"\n\t\t\t\t\t   target=\"_blank\"\n\t\t\t\t\t   rel=\"nofollow\"\n\t\t\t\t\t   class=\"efbl-view-on-fb no-anchor-style link efbl-mr-1\">View on Facebook<\/a>\n\n\t\t\t\t\n\t\t\t\t\n\t\t\t\t\t<div class=\"esf-share-wrapper\">\n\t\t\t\t\t\t<a href=\"#\" class=\"no-anchor-style link esf-share\">Share<\/a>\n\t\t\t\t\t\t<div class=\"esf-social-share\">\n\t\t\t\t\t\t\t<button>\n\t\t\t\t\t\t\t\t<a class=\"efbl_facebook\"\n\t\t\t\t\t\t\t\t   href=\"https:\/\/www.facebook.com\/sharer\/sharer.php?u=https:\/\/www.facebook.com\/696600203843125_1390594556444296\"\n\t\t\t\t\t\t\t\t   rel=\"nofollow\"\n\t\t\t\t\t\t\t\t   target=\"_blank\">\n\t\t\t\t\t\t\t\t\t<i class=\"icon icon-esf-facebook\"><\/i>\n\t\t\t\t\t\t\t\t<\/a>\n\t\t\t\t\t\t\t<\/button>\n\n\t\t\t\t\t\t\t<button>\n\t\t\t\t\t\t\t\t<a class=\"efbl_twitter\"\n\t\t\t\t\t\t\t\t   href=\"https:\/\/twitter.com\/intent\/tweet?text=https:\/\/www.facebook.com\/696600203843125_1390594556444296\"\n\t\t\t\t\t\t\t\t   rel=\"nofollow\"\n\t\t\t\t\t\t\t\t   target=\"_blank\">\n\t\t\t\t\t\t\t\t\t<i class=\"icon icon-esf-twitter\"><\/i>\n\t\t\t\t\t\t\t\t<\/a>\n\t\t\t\t\t\t\t<\/button>\n\n\t\t\t\t\t\t\t<button>\n\t\t\t\t\t\t\t\t<a class=\"efbl_linked_in\"\n\t\t\t\t\t\t\t\t   href=\"https:\/\/www.linkedin.com\/shareArticle?mini=true&url=https:\/\/www.facebook.com\/696600203843125_1390594556444296\"\n\t\t\t\t\t\t\t\t   rel=\"nofollow\"\n\t\t\t\t\t\t\t\t   target=\"_blank\">\n\t\t\t\t\t\t\t\t\t<i class=\"icon icon-esf-linkedin\"><\/i>\n\t\t\t\t\t\t\t\t<\/a>\n\t\t\t\t\t\t\t<\/button>\n\t\t\t\t\t\t<\/div>\n\t\t\t\t\t<\/div>\n\t\t\t\t\n\t\t\t<\/div>\n\n\t\t<\/div>\n\n\n\t<\/div>\n\n\n\t<\/div>\n\n<\/div>\n\n\n<div class=\"efbl-halfwidth-skin added_photos efbl-story-wrapper\">\n\t<div class=\"efbl-thumbnail-wrapper\">\n\t\t<div class=\"efbl-row efbl-content-wrapper\">\n\n\t\t\t\n\n\t\t\t\t<div class=\"efbl-thumbnail-col efbl-col-sm-6\">\n\n\t\t\t\t\t\n\t\t\t\t\t\t<a href=\"https:\/\/www.haus-concordia.com\/web\/wp-admin\/admin-ajax.php?action=efbl_generate_popup_html\" data-imagelink=https:\/\/www.haus-concordia.com\/web\/wp-content\/uploads\/esf-facebook\/696600203843125_1390582039778881.jpg\t\t\t\t\t\t\tdata-storylink=\"https:\/\/www.facebook.com\/696600203843125_1390582039778881\"\n\t\t\t\t\t\t\tdata-linktext=\"Read full story\"\n\t\t\t\t\t\t\tdata-caption=\"Opiekunowie kolonii dla dzieci spotkali si\u0119, aby dzieli\u0107 si\u0119 do\u015bwiadczeniami i uczy\u0107 si\u0119 nowych rzeczy. W trakcie spotkania harcerze Sinja i Simon pokazali, jak robi\u0107\"\n\t\t\t\t\t\t\tdata-itemnumber=\"7\"\n\t\t\t\t\t\t\tclass=\"efbl_feed_popup  efbl-cff-item_number-7\">\n\t\t\t\t\t\t\t<img decoding=\"async\" src=\"https:\/\/www.haus-concordia.com\/web\/wp-content\/uploads\/esf-facebook\/696600203843125_1390582039778881.jpg\"\n\t\t\t\t\t\t\t\tclass=\"img-responsive \"\n\t\t\t\t\t\t\t\t\t\t\t\t\t\t\t\talt=\"Haus Concordia\"\/>\n\t\t\t\t\t\t\t<div class=\"efbl-overlay\">\n\n\n\t\t\t\t\t\t\t\t\n\t\t\t\t\t\t\t\t\t<i class=\"icon icon-esf-plus efbl-plus\"\n\t\t\t\t\t\t\t\t\t\taria-hidden=\"true\"><\/i>\n\n\t\t\t\t\t\t\t\t\t\t\t\t\t\t\t\t\t\t\t\t\t\t\t\t\t<i class=\"icon icon-esf-clone efbl_multimedia\"\n\t\t\t\t\t\t\t\t\t\taria-hidden=\"true\"><\/i>\n\t\t\t\t\t\t\t\t\t\t\t\t\t\t\t<\/div>\n\t\t\t\t\t\t<\/a>\n\n\t\t\t\t\t\n\n\t\t\t\t<\/div>\n\n\t\t\t\t<div class=\"efbl-feed-content efbl-col-sm-6 \">\n\n\t\t\t\t\t\n\t\t\t\t\t\t<div class=\"efbl-d-flex\">\n\n\t\t\t\t\t\t\t\n\t\t\t\t\t\t\t\t<div class=\"efbl-profile-image\">\n\t\t\t\t\t\t\t\t\t<a href=\"https:\/\/facebook.com\/696600203843125\"\n\t\t\t\t\t\t\t\t\t\ttitle=\"\"\n\t\t\t\t\t\t\t\t\t\trel=\"nofollow\"\n\t\t\t\t\t\t\t\t\t\ttarget=\"_blank\">\n\t\t\t\t\t\t\t\t\t\t<img alt=\"\"\n\t\t\t\t\t\t\t\t\t\t\tsrc=\"https:\/\/scontent-dus1-1.xx.fbcdn.net\/v\/t39.30808-1\/339138672_143959665039890_704330360782877008_n.jpg?stp=dst-jpg_s200x200_tt6&#038;_nc_cat=100&#038;ccb=1-7&#038;_nc_sid=f907e8&#038;_nc_ohc=7M1ZzKbohaIQ7kNvwGLzKXp&#038;_nc_oc=AdpN8tyTl2gQWIXnUMFts973fGo9NjD113pohezTz-nD-3UpGQ1Vvv0TkaIbO2sneqU&#038;_nc_zt=24&#038;_nc_ht=scontent-dus1-1.xx&#038;edm=AOf6bZoEAAAA&#038;_nc_gid=W_cVNzmdZbhxt0gXdN79OA&#038;_nc_tpa=Q5bMBQHz1iEGM9XyCBYpbaagC_RXyY9jyApZq7N8RaroRxVs09Jrf1Zd4OczKn6zdPpJ-0bSg3H8rf5E&#038;oh=00_Af1CgmLXfHAPLmizLE88wuw9KfYLN1mYjTXZfAT1DZqNOw&#038;oe=69F67B6C\"\/><\/a>\n\t\t\t\t\t\t\t\t<\/div>\n\n\t\t\t\t\t\t\t\n\t\t\t\t\t\t\t<div class=\"efbl-profile-title\">\n\t\t\t\t\t\t\t\t<div class=\"efbl-profile-title-wrap \">\n\t\t\t\t\t\t\t\t\t<h2>Haus Concordia\t\t\t\t\t\t\t\t\t\t\t\t\t\t\t\t\t\t\t\t<span class=\"efbl-profile-story-text\"> <\/span>\n\t\t\t\t\t\t\t\t\t<\/h2>\n\t\t\t\t\t\t\t\t<\/div>\n\t\t\t\t\t\t\t\t<span>2 days 22 hours ago<\/span>\n\t\t\t\t\t\t\t<\/div>\n\t\t\t\t\t\t<\/div>\n\n\t\t\t\t\t\n\n\t\t\t\t\t\n\n\t\t\t\t\t\n\t\t\t\t\t\t\t\t\t\t\t\t\t<p class=\"description\">\n\t\t\t\t\t\t\t\t<span class=\"efbl-description-wrap\">Opiekunowie kolonii dla dzieci spotkali si\u0119, aby dzieli\u0107 si\u0119 do\u015bwiadczeniami i uczy\u0107 si\u0119 nowych rzeczy. W trakcie spotkania harcerze Sinja i Simon pokazali, jak robi\u0107<\/span>\n\n\n\t\t\t\t\t\t\t\t\n\n\t\t\t\t\t\t\t<\/p>\n\n\t\t\t\t\t\t\n\t\t\t\t\t\n\t\t\t\t\t\n\t\t\t\t<\/div>\n\t\t\t\t\t\t<\/div>\n\n\t\t\t<div class=\"efbl-post-footer\">\n\n\n\t\t<div class=\"efbl-d-flex efbl-justify-content-between\">\n\t\t\t\t\t\t\t<div class=\"efbl-reacted efbl-d-flex efbl-align-items-center\">\n\n\t\t\t\t\t\n\t\t\t\t\t\t\n\t\t\t\t\t\t\t<div class=\"efbl-reacted-item emotis \" >\n\n\t\t\t\t\t\t\t\t\t\t\t\t\t\t\t\t\t<i class=\"icon icon-esf-thumbs-o-up\"><\/i>\n\t\t\t\t\t\t\t\t\n\t\t\t\t\t\t\t\t\t\t\t\t\t\t\t\t17\t\t\t\t\t\t\t<\/div>\n\t\t\t\t\t\t\t\n\n\n\t\t\t\t\t\t\t\t\t\t\t<div class=\"efbl-reacted-item\">\n\n\t\t\t\t\t\t\t\n\t\t\t\t\t\t\t\t<i class=\"icon icon-esf-comment-o\"><\/i>1\n\t\t\t\t\t\t\t\t\n\t\t\t\t\t\t<\/div>\n\t\t\t\t\t\n\t\t\t\t\t\t\t\n\n\t\t\t\t<\/div>\n\t\t\t\n\n\n\t\t\t<div class=\"efbl-view-share efbl-d-flex efbl-justify-content-between efbl-align-items-center efbl-mb-1 efbl-mt-1\">\n\n\t\t\t\t\n\t\t\t\t\t<a href=\"https:\/\/www.facebook.com\/696600203843125_1390582039778881\"\n\t\t\t\t\t   target=\"_blank\"\n\t\t\t\t\t   rel=\"nofollow\"\n\t\t\t\t\t   class=\"efbl-view-on-fb no-anchor-style link efbl-mr-1\">View on Facebook<\/a>\n\n\t\t\t\t\n\t\t\t\t\n\t\t\t\t\t<div class=\"esf-share-wrapper\">\n\t\t\t\t\t\t<a href=\"#\" class=\"no-anchor-style link esf-share\">Share<\/a>\n\t\t\t\t\t\t<div class=\"esf-social-share\">\n\t\t\t\t\t\t\t<button>\n\t\t\t\t\t\t\t\t<a class=\"efbl_facebook\"\n\t\t\t\t\t\t\t\t   href=\"https:\/\/www.facebook.com\/sharer\/sharer.php?u=https:\/\/www.facebook.com\/696600203843125_1390582039778881\"\n\t\t\t\t\t\t\t\t   rel=\"nofollow\"\n\t\t\t\t\t\t\t\t   target=\"_blank\">\n\t\t\t\t\t\t\t\t\t<i class=\"icon icon-esf-facebook\"><\/i>\n\t\t\t\t\t\t\t\t<\/a>\n\t\t\t\t\t\t\t<\/button>\n\n\t\t\t\t\t\t\t<button>\n\t\t\t\t\t\t\t\t<a class=\"efbl_twitter\"\n\t\t\t\t\t\t\t\t   href=\"https:\/\/twitter.com\/intent\/tweet?text=https:\/\/www.facebook.com\/696600203843125_1390582039778881\"\n\t\t\t\t\t\t\t\t   rel=\"nofollow\"\n\t\t\t\t\t\t\t\t   target=\"_blank\">\n\t\t\t\t\t\t\t\t\t<i class=\"icon icon-esf-twitter\"><\/i>\n\t\t\t\t\t\t\t\t<\/a>\n\t\t\t\t\t\t\t<\/button>\n\n\t\t\t\t\t\t\t<button>\n\t\t\t\t\t\t\t\t<a class=\"efbl_linked_in\"\n\t\t\t\t\t\t\t\t   href=\"https:\/\/www.linkedin.com\/shareArticle?mini=true&url=https:\/\/www.facebook.com\/696600203843125_1390582039778881\"\n\t\t\t\t\t\t\t\t   rel=\"nofollow\"\n\t\t\t\t\t\t\t\t   target=\"_blank\">\n\t\t\t\t\t\t\t\t\t<i class=\"icon icon-esf-linkedin\"><\/i>\n\t\t\t\t\t\t\t\t<\/a>\n\t\t\t\t\t\t\t<\/button>\n\t\t\t\t\t\t<\/div>\n\t\t\t\t\t<\/div>\n\t\t\t\t\n\t\t\t<\/div>\n\n\t\t<\/div>\n\n\n\t<\/div>\n\n\n\t<\/div>\n\n<\/div>\n\n\n<div class=\"efbl-halfwidth-skin added_photos efbl-story-wrapper\">\n\t<div class=\"efbl-thumbnail-wrapper\">\n\t\t<div class=\"efbl-row efbl-content-wrapper\">\n\n\t\t\t\n\n\t\t\t\t<div class=\"efbl-thumbnail-col efbl-col-sm-6\">\n\n\t\t\t\t\t\n\t\t\t\t\t\t<a href=\"https:\/\/www.haus-concordia.com\/web\/wp-admin\/admin-ajax.php?action=efbl_generate_popup_html\" data-imagelink=https:\/\/www.haus-concordia.com\/web\/wp-content\/uploads\/esf-facebook\/696600203843125_1389099663260452.jpg\t\t\t\t\t\t\tdata-storylink=\"https:\/\/www.facebook.com\/696600203843125_1389099663260452\"\n\t\t\t\t\t\t\tdata-linktext=\"Read full story\"\n\t\t\t\t\t\t\tdata-caption=\"Grupa Kairos spotka\u0142a si\u0119 na dniach skupienia w naszym domu. W programie by\u0142y modlitwa, konferencje, koronka, uwielbienie i adoracja. By\u0142 to pi\u0119kny czas na pog\u0142\u0119bienie\"\n\t\t\t\t\t\t\tdata-itemnumber=\"8\"\n\t\t\t\t\t\t\tclass=\"efbl_feed_popup  efbl-cff-item_number-8\">\n\t\t\t\t\t\t\t<img decoding=\"async\" src=\"https:\/\/www.haus-concordia.com\/web\/wp-content\/uploads\/esf-facebook\/696600203843125_1389099663260452.jpg\"\n\t\t\t\t\t\t\t\tclass=\"img-responsive \"\n\t\t\t\t\t\t\t\t\t\t\t\t\t\t\t\talt=\"Haus Concordia\"\/>\n\t\t\t\t\t\t\t<div class=\"efbl-overlay\">\n\n\n\t\t\t\t\t\t\t\t\n\t\t\t\t\t\t\t\t\t<i class=\"icon icon-esf-plus efbl-plus\"\n\t\t\t\t\t\t\t\t\t\taria-hidden=\"true\"><\/i>\n\n\t\t\t\t\t\t\t\t\t\t\t\t\t\t\t\t\t\t\t\t\t\t\t\t\t<i class=\"icon icon-esf-clone efbl_multimedia\"\n\t\t\t\t\t\t\t\t\t\taria-hidden=\"true\"><\/i>\n\t\t\t\t\t\t\t\t\t\t\t\t\t\t\t<\/div>\n\t\t\t\t\t\t<\/a>\n\n\t\t\t\t\t\n\n\t\t\t\t<\/div>\n\n\t\t\t\t<div class=\"efbl-feed-content efbl-col-sm-6 \">\n\n\t\t\t\t\t\n\t\t\t\t\t\t<div class=\"efbl-d-flex\">\n\n\t\t\t\t\t\t\t\n\t\t\t\t\t\t\t\t<div class=\"efbl-profile-image\">\n\t\t\t\t\t\t\t\t\t<a href=\"https:\/\/facebook.com\/696600203843125\"\n\t\t\t\t\t\t\t\t\t\ttitle=\"\"\n\t\t\t\t\t\t\t\t\t\trel=\"nofollow\"\n\t\t\t\t\t\t\t\t\t\ttarget=\"_blank\">\n\t\t\t\t\t\t\t\t\t\t<img alt=\"\"\n\t\t\t\t\t\t\t\t\t\t\tsrc=\"https:\/\/scontent-dus1-1.xx.fbcdn.net\/v\/t39.30808-1\/339138672_143959665039890_704330360782877008_n.jpg?stp=dst-jpg_s200x200_tt6&#038;_nc_cat=100&#038;ccb=1-7&#038;_nc_sid=f907e8&#038;_nc_ohc=7M1ZzKbohaIQ7kNvwGLzKXp&#038;_nc_oc=AdpN8tyTl2gQWIXnUMFts973fGo9NjD113pohezTz-nD-3UpGQ1Vvv0TkaIbO2sneqU&#038;_nc_zt=24&#038;_nc_ht=scontent-dus1-1.xx&#038;edm=AOf6bZoEAAAA&#038;_nc_gid=W_cVNzmdZbhxt0gXdN79OA&#038;_nc_tpa=Q5bMBQHz1iEGM9XyCBYpbaagC_RXyY9jyApZq7N8RaroRxVs09Jrf1Zd4OczKn6zdPpJ-0bSg3H8rf5E&#038;oh=00_Af1CgmLXfHAPLmizLE88wuw9KfYLN1mYjTXZfAT1DZqNOw&#038;oe=69F67B6C\"\/><\/a>\n\t\t\t\t\t\t\t\t<\/div>\n\n\t\t\t\t\t\t\t\n\t\t\t\t\t\t\t<div class=\"efbl-profile-title\">\n\t\t\t\t\t\t\t\t<div class=\"efbl-profile-title-wrap \">\n\t\t\t\t\t\t\t\t\t<h2>Haus Concordia\t\t\t\t\t\t\t\t\t\t\t\t\t\t\t\t\t\t\t\t<span class=\"efbl-profile-story-text\"> <\/span>\n\t\t\t\t\t\t\t\t\t<\/h2>\n\t\t\t\t\t\t\t\t<\/div>\n\t\t\t\t\t\t\t\t<span>4 days 15 hours ago<\/span>\n\t\t\t\t\t\t\t<\/div>\n\t\t\t\t\t\t<\/div>\n\n\t\t\t\t\t\n\n\t\t\t\t\t\n\n\t\t\t\t\t\n\t\t\t\t\t\t\t\t\t\t\t\t\t<p class=\"description\">\n\t\t\t\t\t\t\t\t<span class=\"efbl-description-wrap\">Grupa Kairos spotka\u0142a si\u0119 na dniach skupienia w naszym domu. W programie by\u0142y modlitwa, konferencje, koronka, uwielbienie i adoracja. By\u0142 to pi\u0119kny czas na pog\u0142\u0119bienie<\/span>\n\n\n\t\t\t\t\t\t\t\t\n\n\t\t\t\t\t\t\t<\/p>\n\n\t\t\t\t\t\t\n\t\t\t\t\t\n\t\t\t\t\t\n\t\t\t\t<\/div>\n\t\t\t\t\t\t<\/div>\n\n\t\t\t<div class=\"efbl-post-footer\">\n\n\n\t\t<div class=\"efbl-d-flex efbl-justify-content-between\">\n\t\t\t\t\t\t\t<div class=\"efbl-reacted efbl-d-flex efbl-align-items-center\">\n\n\t\t\t\t\t\n\t\t\t\t\t\t\n\t\t\t\t\t\t\t<div class=\"efbl-reacted-item emotis \" >\n\n\t\t\t\t\t\t\t\t\t\t\t\t\t\t\t\t\t<i class=\"icon icon-esf-thumbs-o-up\"><\/i>\n\t\t\t\t\t\t\t\t\n\t\t\t\t\t\t\t\t\t\t\t\t\t\t\t\t19\t\t\t\t\t\t\t<\/div>\n\t\t\t\t\t\t\t\n\n\n\t\t\t\t\t\n\t\t\t\t\t\t\t\n\n\t\t\t\t<\/div>\n\t\t\t\n\n\n\t\t\t<div class=\"efbl-view-share efbl-d-flex efbl-justify-content-between efbl-align-items-center efbl-mb-1 efbl-mt-1\">\n\n\t\t\t\t\n\t\t\t\t\t<a href=\"https:\/\/www.facebook.com\/696600203843125_1389099663260452\"\n\t\t\t\t\t   target=\"_blank\"\n\t\t\t\t\t   rel=\"nofollow\"\n\t\t\t\t\t   class=\"efbl-view-on-fb no-anchor-style link efbl-mr-1\">View on Facebook<\/a>\n\n\t\t\t\t\n\t\t\t\t\n\t\t\t\t\t<div class=\"esf-share-wrapper\">\n\t\t\t\t\t\t<a href=\"#\" class=\"no-anchor-style link esf-share\">Share<\/a>\n\t\t\t\t\t\t<div class=\"esf-social-share\">\n\t\t\t\t\t\t\t<button>\n\t\t\t\t\t\t\t\t<a class=\"efbl_facebook\"\n\t\t\t\t\t\t\t\t   href=\"https:\/\/www.facebook.com\/sharer\/sharer.php?u=https:\/\/www.facebook.com\/696600203843125_1389099663260452\"\n\t\t\t\t\t\t\t\t   rel=\"nofollow\"\n\t\t\t\t\t\t\t\t   target=\"_blank\">\n\t\t\t\t\t\t\t\t\t<i class=\"icon icon-esf-facebook\"><\/i>\n\t\t\t\t\t\t\t\t<\/a>\n\t\t\t\t\t\t\t<\/button>\n\n\t\t\t\t\t\t\t<button>\n\t\t\t\t\t\t\t\t<a class=\"efbl_twitter\"\n\t\t\t\t\t\t\t\t   href=\"https:\/\/twitter.com\/intent\/tweet?text=https:\/\/www.facebook.com\/696600203843125_1389099663260452\"\n\t\t\t\t\t\t\t\t   rel=\"nofollow\"\n\t\t\t\t\t\t\t\t   target=\"_blank\">\n\t\t\t\t\t\t\t\t\t<i class=\"icon icon-esf-twitter\"><\/i>\n\t\t\t\t\t\t\t\t<\/a>\n\t\t\t\t\t\t\t<\/button>\n\n\t\t\t\t\t\t\t<button>\n\t\t\t\t\t\t\t\t<a class=\"efbl_linked_in\"\n\t\t\t\t\t\t\t\t   href=\"https:\/\/www.linkedin.com\/shareArticle?mini=true&url=https:\/\/www.facebook.com\/696600203843125_1389099663260452\"\n\t\t\t\t\t\t\t\t   rel=\"nofollow\"\n\t\t\t\t\t\t\t\t   target=\"_blank\">\n\t\t\t\t\t\t\t\t\t<i class=\"icon icon-esf-linkedin\"><\/i>\n\t\t\t\t\t\t\t\t<\/a>\n\t\t\t\t\t\t\t<\/button>\n\t\t\t\t\t\t<\/div>\n\t\t\t\t\t<\/div>\n\t\t\t\t\n\t\t\t<\/div>\n\n\t\t<\/div>\n\n\n\t<\/div>\n\n\n\t<\/div>\n\n<\/div>\n\n\n<div class=\"efbl-halfwidth-skin added_photos efbl-story-wrapper\">\n\t<div class=\"efbl-thumbnail-wrapper\">\n\t\t<div class=\"efbl-row efbl-content-wrapper\">\n\n\t\t\t\n\n\t\t\t\t<div class=\"efbl-thumbnail-col efbl-col-sm-6\">\n\n\t\t\t\t\t\n\t\t\t\t\t\t<a href=\"https:\/\/www.haus-concordia.com\/web\/wp-admin\/admin-ajax.php?action=efbl_generate_popup_html\" data-imagelink=https:\/\/www.haus-concordia.com\/web\/wp-content\/uploads\/esf-facebook\/696600203843125_1389078866595865.jpg\t\t\t\t\t\t\tdata-storylink=\"https:\/\/www.facebook.com\/696600203843125_1389078866595865\"\n\t\t\t\t\t\t\tdata-linktext=\"Read full story\"\n\t\t\t\t\t\t\tdata-caption=\"Odby\u0142 si\u0119 pi\u0105ty weekend Szko\u0142y Chrze\u015bcija\u0144skiego Wzrostu zatytu\u0142owany \u201eKonflikty, Komunikacja, Modlitwa Wsp\u00f3lnotowa\u201d. Dr Magdalena Kude\u0142ka-Lwowska wyg\u0142osi\u0142a r\u00f3\u017cnorodne wyk\u0142ady. \ud83d\udcda\ud83d\udde3\ufe0f\"\n\t\t\t\t\t\t\tdata-itemnumber=\"9\"\n\t\t\t\t\t\t\tclass=\"efbl_feed_popup  efbl-cff-item_number-9\">\n\t\t\t\t\t\t\t<img decoding=\"async\" src=\"https:\/\/www.haus-concordia.com\/web\/wp-content\/uploads\/esf-facebook\/696600203843125_1389078866595865.jpg\"\n\t\t\t\t\t\t\t\tclass=\"img-responsive \"\n\t\t\t\t\t\t\t\t\t\t\t\t\t\t\t\talt=\"Haus Concordia\"\/>\n\t\t\t\t\t\t\t<div class=\"efbl-overlay\">\n\n\n\t\t\t\t\t\t\t\t\n\t\t\t\t\t\t\t\t\t<i class=\"icon icon-esf-plus efbl-plus\"\n\t\t\t\t\t\t\t\t\t\taria-hidden=\"true\"><\/i>\n\n\t\t\t\t\t\t\t\t\t\t\t\t\t\t\t\t\t\t\t\t\t\t\t\t\t<i class=\"icon icon-esf-clone efbl_multimedia\"\n\t\t\t\t\t\t\t\t\t\taria-hidden=\"true\"><\/i>\n\t\t\t\t\t\t\t\t\t\t\t\t\t\t\t<\/div>\n\t\t\t\t\t\t<\/a>\n\n\t\t\t\t\t\n\n\t\t\t\t<\/div>\n\n\t\t\t\t<div class=\"efbl-feed-content efbl-col-sm-6 \">\n\n\t\t\t\t\t\n\t\t\t\t\t\t<div class=\"efbl-d-flex\">\n\n\t\t\t\t\t\t\t\n\t\t\t\t\t\t\t\t<div class=\"efbl-profile-image\">\n\t\t\t\t\t\t\t\t\t<a href=\"https:\/\/facebook.com\/696600203843125\"\n\t\t\t\t\t\t\t\t\t\ttitle=\"\"\n\t\t\t\t\t\t\t\t\t\trel=\"nofollow\"\n\t\t\t\t\t\t\t\t\t\ttarget=\"_blank\">\n\t\t\t\t\t\t\t\t\t\t<img alt=\"\"\n\t\t\t\t\t\t\t\t\t\t\tsrc=\"https:\/\/scontent-dus1-1.xx.fbcdn.net\/v\/t39.30808-1\/339138672_143959665039890_704330360782877008_n.jpg?stp=dst-jpg_s200x200_tt6&#038;_nc_cat=100&#038;ccb=1-7&#038;_nc_sid=f907e8&#038;_nc_ohc=7M1ZzKbohaIQ7kNvwGLzKXp&#038;_nc_oc=AdpN8tyTl2gQWIXnUMFts973fGo9NjD113pohezTz-nD-3UpGQ1Vvv0TkaIbO2sneqU&#038;_nc_zt=24&#038;_nc_ht=scontent-dus1-1.xx&#038;edm=AOf6bZoEAAAA&#038;_nc_gid=W_cVNzmdZbhxt0gXdN79OA&#038;_nc_tpa=Q5bMBQHz1iEGM9XyCBYpbaagC_RXyY9jyApZq7N8RaroRxVs09Jrf1Zd4OczKn6zdPpJ-0bSg3H8rf5E&#038;oh=00_Af1CgmLXfHAPLmizLE88wuw9KfYLN1mYjTXZfAT1DZqNOw&#038;oe=69F67B6C\"\/><\/a>\n\t\t\t\t\t\t\t\t<\/div>\n\n\t\t\t\t\t\t\t\n\t\t\t\t\t\t\t<div class=\"efbl-profile-title\">\n\t\t\t\t\t\t\t\t<div class=\"efbl-profile-title-wrap \">\n\t\t\t\t\t\t\t\t\t<h2>Haus Concordia\t\t\t\t\t\t\t\t\t\t\t\t\t\t\t\t\t\t\t\t<span class=\"efbl-profile-story-text\"> <\/span>\n\t\t\t\t\t\t\t\t\t<\/h2>\n\t\t\t\t\t\t\t\t<\/div>\n\t\t\t\t\t\t\t\t<span>4 days 16 hours ago<\/span>\n\t\t\t\t\t\t\t<\/div>\n\t\t\t\t\t\t<\/div>\n\n\t\t\t\t\t\n\n\t\t\t\t\t\n\n\t\t\t\t\t\n\t\t\t\t\t\t\t\t\t\t\t\t\t<p class=\"description\">\n\t\t\t\t\t\t\t\t<span class=\"efbl-description-wrap\">Odby\u0142 si\u0119 pi\u0105ty weekend Szko\u0142y Chrze\u015bcija\u0144skiego Wzrostu zatytu\u0142owany \u201eKonflikty, Komunikacja, Modlitwa Wsp\u00f3lnotowa\u201d. Dr Magdalena Kude\u0142ka-Lwowska wyg\u0142osi\u0142a r\u00f3\u017cnorodne wyk\u0142ady. \ud83d\udcda\ud83d\udde3\ufe0f<\/span>\n\n\n\t\t\t\t\t\t\t\t\n\n\t\t\t\t\t\t\t<\/p>\n\n\t\t\t\t\t\t\n\t\t\t\t\t\n\t\t\t\t\t\n\t\t\t\t<\/div>\n\t\t\t\t\t\t<\/div>\n\n\t\t\t<div class=\"efbl-post-footer\">\n\n\n\t\t<div class=\"efbl-d-flex efbl-justify-content-between\">\n\t\t\t\t\t\t\t<div class=\"efbl-reacted efbl-d-flex efbl-align-items-center\">\n\n\t\t\t\t\t\n\t\t\t\t\t\t\n\t\t\t\t\t\t\t<div class=\"efbl-reacted-item emotis \" >\n\n\t\t\t\t\t\t\t\t\t\t\t\t\t\t\t\t\t<i class=\"icon icon-esf-thumbs-o-up\"><\/i>\n\t\t\t\t\t\t\t\t\n\t\t\t\t\t\t\t\t\t\t\t\t\t\t\t\t22\t\t\t\t\t\t\t<\/div>\n\t\t\t\t\t\t\t\n\n\n\t\t\t\t\t\n\t\t\t\t\t\t\t\n\n\t\t\t\t<\/div>\n\t\t\t\n\n\n\t\t\t<div class=\"efbl-view-share efbl-d-flex efbl-justify-content-between efbl-align-items-center efbl-mb-1 efbl-mt-1\">\n\n\t\t\t\t\n\t\t\t\t\t<a href=\"https:\/\/www.facebook.com\/696600203843125_1389078866595865\"\n\t\t\t\t\t   target=\"_blank\"\n\t\t\t\t\t   rel=\"nofollow\"\n\t\t\t\t\t   class=\"efbl-view-on-fb no-anchor-style link efbl-mr-1\">View on Facebook<\/a>\n\n\t\t\t\t\n\t\t\t\t\n\t\t\t\t\t<div class=\"esf-share-wrapper\">\n\t\t\t\t\t\t<a href=\"#\" class=\"no-anchor-style link esf-share\">Share<\/a>\n\t\t\t\t\t\t<div class=\"esf-social-share\">\n\t\t\t\t\t\t\t<button>\n\t\t\t\t\t\t\t\t<a class=\"efbl_facebook\"\n\t\t\t\t\t\t\t\t   href=\"https:\/\/www.facebook.com\/sharer\/sharer.php?u=https:\/\/www.facebook.com\/696600203843125_1389078866595865\"\n\t\t\t\t\t\t\t\t   rel=\"nofollow\"\n\t\t\t\t\t\t\t\t   target=\"_blank\">\n\t\t\t\t\t\t\t\t\t<i class=\"icon icon-esf-facebook\"><\/i>\n\t\t\t\t\t\t\t\t<\/a>\n\t\t\t\t\t\t\t<\/button>\n\n\t\t\t\t\t\t\t<button>\n\t\t\t\t\t\t\t\t<a class=\"efbl_twitter\"\n\t\t\t\t\t\t\t\t   href=\"https:\/\/twitter.com\/intent\/tweet?text=https:\/\/www.facebook.com\/696600203843125_1389078866595865\"\n\t\t\t\t\t\t\t\t   rel=\"nofollow\"\n\t\t\t\t\t\t\t\t   target=\"_blank\">\n\t\t\t\t\t\t\t\t\t<i class=\"icon icon-esf-twitter\"><\/i>\n\t\t\t\t\t\t\t\t<\/a>\n\t\t\t\t\t\t\t<\/button>\n\n\t\t\t\t\t\t\t<button>\n\t\t\t\t\t\t\t\t<a class=\"efbl_linked_in\"\n\t\t\t\t\t\t\t\t   href=\"https:\/\/www.linkedin.com\/shareArticle?mini=true&url=https:\/\/www.facebook.com\/696600203843125_1389078866595865\"\n\t\t\t\t\t\t\t\t   rel=\"nofollow\"\n\t\t\t\t\t\t\t\t   target=\"_blank\">\n\t\t\t\t\t\t\t\t\t<i class=\"icon icon-esf-linkedin\"><\/i>\n\t\t\t\t\t\t\t\t<\/a>\n\t\t\t\t\t\t\t<\/button>\n\t\t\t\t\t\t<\/div>\n\t\t\t\t\t<\/div>\n\t\t\t\t\n\t\t\t<\/div>\n\n\t\t<\/div>\n\n\n\t<\/div>\n\n\n\t<\/div>\n\n<\/div>\n\n\n<div class=\"efbl-halfwidth-skin added_photos efbl-story-wrapper\">\n\t<div class=\"efbl-thumbnail-wrapper\">\n\t\t<div class=\"efbl-row efbl-content-wrapper\">\n\n\t\t\t\n\n\t\t\t\t<div class=\"efbl-thumbnail-col efbl-col-sm-6\">\n\n\t\t\t\t\t\n\t\t\t\t\t\t<a href=\"https:\/\/www.haus-concordia.com\/web\/wp-admin\/admin-ajax.php?action=efbl_generate_popup_html\" data-imagelink=https:\/\/www.haus-concordia.com\/web\/wp-content\/uploads\/esf-facebook\/696600203843125_1389036269933458.jpg\t\t\t\t\t\t\tdata-storylink=\"https:\/\/www.facebook.com\/696600203843125_1389036269933458\"\n\t\t\t\t\t\t\tdata-linktext=\"Read full story\"\n\t\t\t\t\t\t\tdata-caption=\"Polonijne Spotkanie M\u0142odych - PSM - jest dla Ciebie, je\u015bli lubisz wydarzenia, kt\u00f3re \u0142\u0105cz\u0105 wiar\u0119 w Boga z dobr\u0105 atmosfer\u0105. To najwi\u0119ksze polonijne spotkanie w\"\n\t\t\t\t\t\t\tdata-itemnumber=\"10\"\n\t\t\t\t\t\t\tclass=\"efbl_feed_popup  efbl-cff-item_number-10\">\n\t\t\t\t\t\t\t<img decoding=\"async\" src=\"https:\/\/www.haus-concordia.com\/web\/wp-content\/uploads\/esf-facebook\/696600203843125_1389036269933458.jpg\"\n\t\t\t\t\t\t\t\tclass=\"img-responsive \"\n\t\t\t\t\t\t\t\t\t\t\t\t\t\t\t\talt=\"Haus Concordia\"\/>\n\t\t\t\t\t\t\t<div class=\"efbl-overlay\">\n\n\n\t\t\t\t\t\t\t\t\n\t\t\t\t\t\t\t\t\t<i class=\"icon icon-esf-plus efbl-plus\"\n\t\t\t\t\t\t\t\t\t\taria-hidden=\"true\"><\/i>\n\n\t\t\t\t\t\t\t\t\t\t\t\t\t\t\t\t\t\t\t\t\t\t\t\t\t<i class=\"icon icon-esf-clone efbl_multimedia\"\n\t\t\t\t\t\t\t\t\t\taria-hidden=\"true\"><\/i>\n\t\t\t\t\t\t\t\t\t\t\t\t\t\t\t<\/div>\n\t\t\t\t\t\t<\/a>\n\n\t\t\t\t\t\n\n\t\t\t\t<\/div>\n\n\t\t\t\t<div class=\"efbl-feed-content efbl-col-sm-6 \">\n\n\t\t\t\t\t\n\t\t\t\t\t\t<div class=\"efbl-d-flex\">\n\n\t\t\t\t\t\t\t\n\t\t\t\t\t\t\t\t<div class=\"efbl-profile-image\">\n\t\t\t\t\t\t\t\t\t<a href=\"https:\/\/facebook.com\/696600203843125\"\n\t\t\t\t\t\t\t\t\t\ttitle=\"\"\n\t\t\t\t\t\t\t\t\t\trel=\"nofollow\"\n\t\t\t\t\t\t\t\t\t\ttarget=\"_blank\">\n\t\t\t\t\t\t\t\t\t\t<img alt=\"\"\n\t\t\t\t\t\t\t\t\t\t\tsrc=\"https:\/\/scontent-dus1-1.xx.fbcdn.net\/v\/t39.30808-1\/339138672_143959665039890_704330360782877008_n.jpg?stp=dst-jpg_s200x200_tt6&#038;_nc_cat=100&#038;ccb=1-7&#038;_nc_sid=f907e8&#038;_nc_ohc=7M1ZzKbohaIQ7kNvwGLzKXp&#038;_nc_oc=AdpN8tyTl2gQWIXnUMFts973fGo9NjD113pohezTz-nD-3UpGQ1Vvv0TkaIbO2sneqU&#038;_nc_zt=24&#038;_nc_ht=scontent-dus1-1.xx&#038;edm=AOf6bZoEAAAA&#038;_nc_gid=W_cVNzmdZbhxt0gXdN79OA&#038;_nc_tpa=Q5bMBQHz1iEGM9XyCBYpbaagC_RXyY9jyApZq7N8RaroRxVs09Jrf1Zd4OczKn6zdPpJ-0bSg3H8rf5E&#038;oh=00_Af1CgmLXfHAPLmizLE88wuw9KfYLN1mYjTXZfAT1DZqNOw&#038;oe=69F67B6C\"\/><\/a>\n\t\t\t\t\t\t\t\t<\/div>\n\n\t\t\t\t\t\t\t\n\t\t\t\t\t\t\t<div class=\"efbl-profile-title\">\n\t\t\t\t\t\t\t\t<div class=\"efbl-profile-title-wrap \">\n\t\t\t\t\t\t\t\t\t<h2>Haus Concordia\t\t\t\t\t\t\t\t\t\t\t\t\t\t\t\t\t\t\t\t<span class=\"efbl-profile-story-text\"> <\/span>\n\t\t\t\t\t\t\t\t\t<\/h2>\n\t\t\t\t\t\t\t\t<\/div>\n\t\t\t\t\t\t\t\t<span>4 days 17 hours ago<\/span>\n\t\t\t\t\t\t\t<\/div>\n\t\t\t\t\t\t<\/div>\n\n\t\t\t\t\t\n\n\t\t\t\t\t\n\n\t\t\t\t\t\n\t\t\t\t\t\t\t\t\t\t\t\t\t<p class=\"description\">\n\t\t\t\t\t\t\t\t<span class=\"efbl-description-wrap\">Polonijne Spotkanie M\u0142odych - PSM - jest dla Ciebie, je\u015bli lubisz wydarzenia, kt\u00f3re \u0142\u0105cz\u0105 wiar\u0119 w Boga z dobr\u0105 atmosfer\u0105. To najwi\u0119ksze polonijne spotkanie w<\/span>\n\n\n\t\t\t\t\t\t\t\t\n\n\t\t\t\t\t\t\t<\/p>\n\n\t\t\t\t\t\t\n\t\t\t\t\t\n\t\t\t\t\t\n\t\t\t\t<\/div>\n\t\t\t\t\t\t<\/div>\n\n\t\t\t<div class=\"efbl-post-footer\">\n\n\n\t\t<div class=\"efbl-d-flex efbl-justify-content-between\">\n\t\t\t\t\t\t\t<div class=\"efbl-reacted efbl-d-flex efbl-align-items-center\">\n\n\t\t\t\t\t\n\t\t\t\t\t\t\n\t\t\t\t\t\t\t<div class=\"efbl-reacted-item emotis \" >\n\n\t\t\t\t\t\t\t\t\t\t\t\t\t\t\t\t\t<i class=\"icon icon-esf-thumbs-o-up\"><\/i>\n\t\t\t\t\t\t\t\t\n\t\t\t\t\t\t\t\t\t\t\t\t\t\t\t\t42\t\t\t\t\t\t\t<\/div>\n\t\t\t\t\t\t\t\n\n\n\t\t\t\t\t\t\t\t\t\t\t<div class=\"efbl-reacted-item\">\n\n\t\t\t\t\t\t\t\n\t\t\t\t\t\t\t\t<i class=\"icon icon-esf-comment-o\"><\/i>2\n\t\t\t\t\t\t\t\t\n\t\t\t\t\t\t<\/div>\n\t\t\t\t\t\n\t\t\t\t\t\t\t\n\n\t\t\t\t<\/div>\n\t\t\t\n\n\n\t\t\t<div class=\"efbl-view-share efbl-d-flex efbl-justify-content-between efbl-align-items-center efbl-mb-1 efbl-mt-1\">\n\n\t\t\t\t\n\t\t\t\t\t<a href=\"https:\/\/www.facebook.com\/696600203843125_1389036269933458\"\n\t\t\t\t\t   target=\"_blank\"\n\t\t\t\t\t   rel=\"nofollow\"\n\t\t\t\t\t   class=\"efbl-view-on-fb no-anchor-style link efbl-mr-1\">View on Facebook<\/a>\n\n\t\t\t\t\n\t\t\t\t\n\t\t\t\t\t<div class=\"esf-share-wrapper\">\n\t\t\t\t\t\t<a href=\"#\" class=\"no-anchor-style link esf-share\">Share<\/a>\n\t\t\t\t\t\t<div class=\"esf-social-share\">\n\t\t\t\t\t\t\t<button>\n\t\t\t\t\t\t\t\t<a class=\"efbl_facebook\"\n\t\t\t\t\t\t\t\t   href=\"https:\/\/www.facebook.com\/sharer\/sharer.php?u=https:\/\/www.facebook.com\/696600203843125_1389036269933458\"\n\t\t\t\t\t\t\t\t   rel=\"nofollow\"\n\t\t\t\t\t\t\t\t   target=\"_blank\">\n\t\t\t\t\t\t\t\t\t<i class=\"icon icon-esf-facebook\"><\/i>\n\t\t\t\t\t\t\t\t<\/a>\n\t\t\t\t\t\t\t<\/button>\n\n\t\t\t\t\t\t\t<button>\n\t\t\t\t\t\t\t\t<a class=\"efbl_twitter\"\n\t\t\t\t\t\t\t\t   href=\"https:\/\/twitter.com\/intent\/tweet?text=https:\/\/www.facebook.com\/696600203843125_1389036269933458\"\n\t\t\t\t\t\t\t\t   rel=\"nofollow\"\n\t\t\t\t\t\t\t\t   target=\"_blank\">\n\t\t\t\t\t\t\t\t\t<i class=\"icon icon-esf-twitter\"><\/i>\n\t\t\t\t\t\t\t\t<\/a>\n\t\t\t\t\t\t\t<\/button>\n\n\t\t\t\t\t\t\t<button>\n\t\t\t\t\t\t\t\t<a class=\"efbl_linked_in\"\n\t\t\t\t\t\t\t\t   href=\"https:\/\/www.linkedin.com\/shareArticle?mini=true&url=https:\/\/www.facebook.com\/696600203843125_1389036269933458\"\n\t\t\t\t\t\t\t\t   rel=\"nofollow\"\n\t\t\t\t\t\t\t\t   target=\"_blank\">\n\t\t\t\t\t\t\t\t\t<i class=\"icon icon-esf-linkedin\"><\/i>\n\t\t\t\t\t\t\t\t<\/a>\n\t\t\t\t\t\t\t<\/button>\n\t\t\t\t\t\t<\/div>\n\t\t\t\t\t<\/div>\n\t\t\t\t\n\t\t\t<\/div>\n\n\t\t<\/div>\n\n\n\t<\/div>\n\n\n\t<\/div>\n\n<\/div>\n\n\t\t\t<\/div>\n\t\t\t\n\t\t<\/div>\n\n\n\n\n<p><\/p>\n","protected":false},"excerpt":{"rendered":"<p>AKTUALNO\u015aCI ZAPISY: https:\/\/forms.gle\/vSjXXXmxx2omNC9B7<\/p>\n","protected":false},"author":7,"featured_media":0,"parent":0,"menu_order":0,"comment_status":"closed","ping_status":"closed","template":"","meta":{"_EventAllDay":false,"_EventTimezone":"","_EventStartDate":"","_EventEndDate":"","_EventStartDateUTC":"","_EventEndDateUTC":"","_EventShowMap":false,"_EventShowMapLink":false,"_EventURL":"","_EventCost":"","_EventCostDescription":"","_EventCurrencySymbol":"","_EventCurrencyCode":"","_EventCurrencyPosition":"","_EventDateTimeSeparator":"","_EventTimeRangeSeparator":"","_EventOrganizerID":[],"_EventVenueID":[],"_OrganizerEmail":"","_OrganizerPhone":"","_OrganizerWebsite":"","_VenueAddress":"","_VenueCity":"","_VenueCountry":"","_VenueProvince":"","_VenueState":"","_VenueZip":"","_VenuePhone":"","_VenueURL":"","_VenueStateProvince":"","_VenueLat":"","_VenueLng":"","_VenueShowMap":false,"_VenueShowMapLink":false,"_kadence_starter_templates_imported_post":false,"_kad_post_transparent":"disable","_kad_post_title":"hide","_kad_post_layout":"","_kad_post_sidebar_id":"","_kad_post_content_style":"unboxed","_kad_post_vertical_padding":"","_kad_post_feature":"","_kad_post_feature_position":"","_kad_post_header":false,"_kad_post_footer":false,"_kad_post_classname":"","footnotes":""},"class_list":["post-4767","page","type-page","status-publish","hentry"],"_links":{"self":[{"href":"https:\/\/www.haus-concordia.com\/web\/wp-json\/wp\/v2\/pages\/4767","targetHints":{"allow":["GET"]}}],"collection":[{"href":"https:\/\/www.haus-concordia.com\/web\/wp-json\/wp\/v2\/pages"}],"about":[{"href":"https:\/\/www.haus-concordia.com\/web\/wp-json\/wp\/v2\/types\/page"}],"author":[{"embeddable":true,"href":"https:\/\/www.haus-concordia.com\/web\/wp-json\/wp\/v2\/users\/7"}],"replies":[{"embeddable":true,"href":"https:\/\/www.haus-concordia.com\/web\/wp-json\/wp\/v2\/comments?post=4767"}],"version-history":[{"count":31,"href":"https:\/\/www.haus-concordia.com\/web\/wp-json\/wp\/v2\/pages\/4767\/revisions"}],"predecessor-version":[{"id":5490,"href":"https:\/\/www.haus-concordia.com\/web\/wp-json\/wp\/v2\/pages\/4767\/revisions\/5490"}],"wp:attachment":[{"href":"https:\/\/www.haus-concordia.com\/web\/wp-json\/wp\/v2\/media?parent=4767"}],"curies":[{"name":"wp","href":"https:\/\/api.w.org\/{rel}","templated":true}]}}